{"id":30996,"date":"2024-10-10T19:02:44","date_gmt":"2024-10-10T17:02:44","guid":{"rendered":"https:\/\/gravida.com\/procreation-medicalement-assistee\/reception-des-oeufs\/"},"modified":"2026-04-18T20:02:52","modified_gmt":"2026-04-18T18:02:52","slug":"reception-des-ovocytes","status":"publish","type":"page","link":"https:\/\/gravida.com\/fr\/procreation-medicalement-assistee\/reception-des-ovocytes\/","title":{"rendered":"R\u00e9ception des ovocytes"},"content":{"rendered":"\n<div class=\"wp-block-cover alignfull is-light hero-tratamiento\" style=\"border-radius:0px;min-height:500px;aspect-ratio:unset;\"><img loading=\"lazy\" decoding=\"async\" width=\"863\" height=\"668\" class=\"wp-block-cover__image-background wp-image-26177 size-full\" alt=\"\" src=\"https:\/\/gravida.com\/wp-content\/uploads\/2024\/10\/ovulos-recorte.jpg\" data-object-fit=\"cover\" srcset=\"https:\/\/gravida.com\/wp-content\/uploads\/2024\/10\/ovulos-recorte.jpg 863w, https:\/\/gravida.com\/wp-content\/uploads\/2024\/10\/ovulos-recorte-300x232.jpg 300w, https:\/\/gravida.com\/wp-content\/uploads\/2024\/10\/ovulos-recorte-768x594.jpg 768w\" sizes=\"auto, (max-width: 863px) 100vw, 863px\" \/><span aria-hidden=\"true\" class=\"wp-block-cover__background has-base-2-background-color has-background-dim-90 has-background-dim\"><\/span><div class=\"wp-block-cover__inner-container has-global-padding is-layout-constrained wp-container-core-cover-is-layout-12243e0f wp-block-cover-is-layout-constrained\">\n<div style=\"height:70px\" aria-hidden=\"true\" class=\"wp-block-spacer\"><\/div>\n\n\n\n<div class=\"wp-block-columns alignwide is-layout-flex wp-container-core-columns-is-layout-28f84493 wp-block-columns-is-layout-flex\">\n<div class=\"wp-block-column has-global-padding is-layout-constrained wp-block-column-is-layout-constrained\" style=\"flex-basis:66.66%\">\n<div class=\"wp-block-group has-global-padding is-content-justification-left is-layout-constrained wp-container-core-group-is-layout-1ad27c61 wp-block-group-is-layout-constrained\" style=\"padding-right:0;padding-left:0\">\n<h1 class=\"wp-block-heading has-text-align-left has-accent-2-color has-text-color has-link-color wp-elements-38ce16a25c10be864fb347424fb69bea\">R\u00e9ception des ovocytes ou FIV avec ovocytes de donneuse<\/h1>\n\n\n\n<p class=\"has-text-align-left\" style=\"padding-top:var(--wp--preset--spacing--10);padding-bottom:var(--wp--preset--spacing--10)\">Gr\u00e2ce au pr\u00e9l\u00e8vement d&rsquo;ovules, nous sommes en mesure de f\u00e9conder des ovules donn\u00e9s avec le sperme de votre partenaire ou d&rsquo;un donneur en dehors de l&rsquo;ut\u00e9rus de la m\u00e8re, dans des conditions de laboratoire.<\/p>\n\n\n\n<div class=\"wp-block-buttons is-content-justification-left is-layout-flex wp-container-core-buttons-is-layout-fc4fd283 wp-block-buttons-is-layout-flex\">\n<div class=\"wp-block-button ocs-trigger ocs-toggle ocs-toggle-test\"><a class=\"wp-block-button__link wp-element-button\">Plus d&rsquo;informations<\/a><\/div>\n<\/div>\n<\/div>\n<\/div>\n\n\n\n<div class=\"wp-block-column has-global-padding is-layout-constrained wp-block-column-is-layout-constrained\" style=\"flex-basis:33.33%\">\n<div class=\"wp-block-group has-global-padding is-content-justification-right is-layout-constrained wp-container-core-group-is-layout-5e7126ed wp-block-group-is-layout-constrained\" style=\"padding-top:var(--wp--preset--spacing--10);padding-bottom:var(--wp--preset--spacing--10)\">\n<\/div>\n<\/div>\n<\/div>\n<\/div><\/div>\n\n\n\n<div class=\"wp-block-columns alignwide columnas-principal is-layout-flex wp-container-core-columns-is-layout-28f84493 wp-block-columns-is-layout-flex\">\n<div class=\"wp-block-column left-principal is-layout-flow wp-block-column-is-layout-flow\" style=\"padding-top:var(--wp--preset--spacing--20);padding-right:var(--wp--preset--spacing--10);padding-bottom:var(--wp--preset--spacing--20);padding-left:var(--wp--preset--spacing--10);flex-basis:80%\">\n<div style=\"height:35px\" aria-hidden=\"true\" class=\"wp-block-spacer\"><\/div>\n\n\n\n<div class=\"wp-block-group alignfull definicion-section is-layout-flow wp-container-core-group-is-layout-44268ec1 wp-block-group-is-layout-flow\" style=\"margin-top:0;margin-bottom:0;padding-top:var(--wp--preset--spacing--20);padding-bottom:var(--wp--preset--spacing--20)\">\n<h2 class=\"wp-block-heading has-text-align-left is-style-default has-x-large-font-size\" style=\"margin-bottom:var(--wp--preset--spacing--20)\">Qu&rsquo;est-ce que la r\u00e9ception des ovocytes ?<\/h2>\n\n\n\n<p>Dans un cycle de r\u00e9ception d&rsquo;ovocytes, les <strong>ovules d&rsquo;une donneuse<\/strong> sont f\u00e9cond\u00e9s en laboratoire avec le sperme du partenaire de la femme receveuse ou d&rsquo;une banque de sperme, et les embryons qui en r\u00e9sultent sont ensuite transf\u00e9r\u00e9s dans l&rsquo;ut\u00e9rus de la m\u00e8re.<\/p>\n\n\n\n<div style=\"height:20px\" aria-hidden=\"true\" class=\"wp-block-spacer\"><\/div>\n\n\n\n<p>Actuellement, et principalement en raison des changements sociaux, les <strong>femmes retardent leur d\u00e9sir de procr\u00e9ation jusqu&rsquo;\u00e0 un \u00e2ge avanc\u00e9<\/strong>, diminuant ainsi la possibilit\u00e9 de concevoir spontan\u00e9ment avec leurs propres ovocytes, ce qui se traduit par une forte augmentation de la demande pour cette technique.<\/p>\n\n\n\n<div style=\"height:20px\" aria-hidden=\"true\" class=\"wp-block-spacer\"><\/div>\n\n\n\n<p>Chez les patientes ayant un cycle menstruel, le transfert d&#8217;embryons pourrait \u00eatre r\u00e9alis\u00e9 sans traitement m\u00e9dical compl\u00e9mentaire, bien que dans la majorit\u00e9 de ces cas ou chez les patientes sans fonction ovarienne, nous administrerons un traitement hormonal qui nous permettra de mieux synchroniser le cycle de la donneuse avec celui de la receveuse.<\/p>\n<\/div>\n\n\n\n<div style=\"height:35px\" aria-hidden=\"true\" class=\"wp-block-spacer\"><\/div>\n\n\n\n<div class=\"wp-block-group indicada is-layout-flow wp-block-group-is-layout-flow\" style=\"margin-top:0;margin-bottom:0;padding-top:var(--wp--preset--spacing--20);padding-bottom:var(--wp--preset--spacing--20)\">\n<h3 class=\"wp-block-heading has-x-large-font-size\" style=\"margin-bottom:var(--wp--preset--spacing--30)\">Dans quels cas un pr\u00e9l\u00e8vement d&rsquo;ovocytes est-il indiqu\u00e9 ?<\/h3>\n\n\n\n<div class=\"wp-block-columns is-layout-flex wp-container-core-columns-is-layout-28f84493 wp-block-columns-is-layout-flex\">\n<div class=\"wp-block-column has-base-background-color has-background is-layout-flow wp-block-column-is-layout-flow\" style=\"border-style:none;border-width:0px;border-radius:21px;padding-top:var(--wp--preset--spacing--20);padding-right:var(--wp--preset--spacing--20);padding-bottom:var(--wp--preset--spacing--20);padding-left:var(--wp--preset--spacing--20);box-shadow:none;flex-basis:48%\">\n<h4 class=\"wp-block-heading has-medium-font-size\">R\u00e9ception d&rsquo;ovocytes chez les femmes ayant un cycle menstruel :<\/h4>\n\n\n\n<ul style=\"padding-top:var(--wp--preset--spacing--10);padding-bottom:var(--wp--preset--spacing--10)\" class=\"wp-block-list\">\n<li>Faible r\u00e9serve ovarienne<\/li>\n\n\n\n<li><strong>Endom\u00e9triose<\/strong><\/li>\n\n\n\n<li>Modification des hormones<\/li>\n\n\n\n<li><strong>R\u00e9ponse insuffisante aux cycles de FIV<\/strong><\/li>\n\n\n\n<li>\u00c9checs r\u00e9p\u00e9t\u00e9s de la FIV<\/li>\n\n\n\n<li>Fausses couches r\u00e9p\u00e9t\u00e9es sans cause traitable<\/li>\n<\/ul>\n<\/div>\n\n\n\n<div class=\"wp-block-column has-base-background-color has-background is-layout-flow wp-block-column-is-layout-flow\" style=\"border-style:none;border-width:0px;border-radius:21px;padding-top:var(--wp--preset--spacing--20);padding-right:var(--wp--preset--spacing--20);padding-bottom:var(--wp--preset--spacing--20);padding-left:var(--wp--preset--spacing--20);box-shadow:none;flex-basis:48%\">\n<h4 class=\"wp-block-heading has-medium-font-size\">R\u00e9ception d&rsquo;ovocytes chez les femmes sans cycle ovarien :<\/h4>\n\n\n\n<ul style=\"padding-top:var(--wp--preset--spacing--10);padding-bottom:var(--wp--preset--spacing--10)\" class=\"wp-block-list\">\n<li><strong>M\u00e9nopause<\/strong><\/li>\n\n\n\n<li><strong>M\u00e9nopause pr\u00e9coce<\/strong>.<\/li>\n\n\n\n<li><strong>M\u00e9nopause iatrog\u00e8ne<\/strong>: due \u00e0 une intervention chirurgicale ou \u00e0 un traitement anticanc\u00e9reux.<\/li>\n\n\n\n<li><strong>Insuffisance ovarienne primaire<\/strong> (d\u00e8s la naissance) : alt\u00e9ration de la dotation en gam\u00e8tes telle que la dysg\u00e9n\u00e9sie gonadique : syndrome de Turner, syndrome de Swyer, etc.<\/li>\n<\/ul>\n<\/div>\n<\/div>\n<\/div>\n\n\n\n<div style=\"height:35px\" aria-hidden=\"true\" class=\"wp-block-spacer\"><\/div>\n\n\n\n<div class=\"wp-block-group requisitos is-layout-flow wp-block-group-is-layout-flow\" style=\"margin-top:0;margin-bottom:0;padding-top:var(--wp--preset--spacing--20);padding-bottom:var(--wp--preset--spacing--20)\">\n<h3 class=\"wp-block-heading has-x-large-font-size\">Exigences pour le pr\u00e9l\u00e8vement d&rsquo;ovocytes<\/h3>\n\n\n\n<div style=\"height:30px\" aria-hidden=\"true\" class=\"wp-block-spacer\"><\/div>\n\n\n\n<div class=\"wp-swiper\"><div class=\"wp-swiper__wrapper\"><div class=\"swiper-container swiper\" data-swiper=\"{&quot;slidesPerView&quot;:&quot;1.25&quot;,&quot;navigation&quot;:true,&quot;pagination&quot;:{&quot;type&quot;:&quot;bullets&quot;},&quot;delay&quot;:3000,&quot;speed&quot;:500,&quot;loop&quot;:false,&quot;direction&quot;:&quot;horizontal&quot;,&quot;slidesOffsetBefore&quot;:0,&quot;slidesOffsetAfter&quot;:0,&quot;autoHeight&quot;:true,&quot;spaceBetween&quot;:35,&quot;releaseOnEdges&quot;:false,&quot;effect&quot;:&quot;slide&quot;,&quot;breakpoints&quot;:&quot;{\\&quot;768\\&quot;:{\\&quot;slidesPerView\\&quot;:3}}&quot;}\"><div class=\"swiper-wrapper\">\n\n<div data-tab=\"slide-1\" class=\"wp-swiper__slide swiper-slide\"><div class=\"wp-swiper__overlay-color\" style=\"background-color:rgba(0, 0, 0, 0)\"><\/div><div class=\"wp-swiper__slide-content\">\n\n<div class=\"wp-block-group has-base-background-color has-background has-global-padding is-layout-constrained wp-container-core-group-is-layout-c385debf wp-block-group-is-layout-constrained\" style=\"border-radius:21px;padding-top:var(--wp--preset--spacing--20);padding-right:var(--wp--preset--spacing--20);padding-bottom:var(--wp--preset--spacing--20);padding-left:var(--wp--preset--spacing--20)\">\n\n<figure class=\"wp-block-image aligncenter size-full is-resized\"><img loading=\"lazy\" decoding=\"async\" width=\"235\" height=\"174\" src=\"https:\/\/gravida.com\/wp-content\/uploads\/2024\/06\/Recurso-24.webp\" alt=\"\" class=\"wp-image-25550\" style=\"width:auto;height:100px\"\/><\/figure>\n\n\n<p class=\"has-text-align-center has-small-font-size\" style=\"margin-top:var(--wp--preset--spacing--20)\">Pr\u00e9sence d&rsquo;un ut\u00e9rus avec une capacit\u00e9 de gestation<\/p>\n\n<\/div>\n\n<\/div><\/div>\n\n\n<div data-tab=\"slide-2\" class=\"wp-swiper__slide swiper-slide\"><div class=\"wp-swiper__overlay-color\" style=\"background-color:rgba(0, 0, 0, 0)\"><\/div><div class=\"wp-swiper__slide-content\">\n\n<div class=\"wp-block-group has-base-background-color has-background has-global-padding is-layout-constrained wp-container-core-group-is-layout-c385debf wp-block-group-is-layout-constrained\" style=\"border-radius:21px;padding-top:var(--wp--preset--spacing--20);padding-right:var(--wp--preset--spacing--20);padding-bottom:var(--wp--preset--spacing--20);padding-left:var(--wp--preset--spacing--20)\">\n\n<figure class=\"wp-block-image aligncenter size-full is-resized\"><img loading=\"lazy\" decoding=\"async\" width=\"235\" height=\"187\" src=\"https:\/\/gravida.com\/wp-content\/uploads\/2024\/10\/icono-salud-corazon.webp\" alt=\"\" class=\"wp-image-26156\" style=\"width:auto;height:100px\"\/><\/figure>\n\n\n<p class=\"has-text-align-center has-small-font-size\" style=\"margin-top:var(--wp--preset--spacing--20)\">Absence de maladie physique ou psychologique maternelle contre-indiquant le traitement hormonal et\/ou la gestation<\/p>\n\n<\/div>\n\n<\/div><\/div>\n\n<\/div><\/div><div class=\"wp_swiper__navigation\"><div class=\"wp_swiper__navigation-container\"><div class=\"swiper-button-prev \"><\/div><div class=\"swiper-button-next \"><\/div><\/div><\/div><div class=\"swiper-pagination\"><\/div><\/div><\/div>\n<\/div>\n\n\n\n<div style=\"height:35px\" aria-hidden=\"true\" class=\"wp-block-spacer\"><\/div>\n\n\n\n<div class=\"wp-block-group procesos is-layout-flow wp-block-group-is-layout-flow\" style=\"margin-top:0;margin-bottom:0\">\n<div class=\"wp-block-group is-vertical is-content-justification-left is-layout-flex wp-container-core-group-is-layout-d275a608 wp-block-group-is-layout-flex\">\n<h3 class=\"wp-block-heading has-text-align-left is-style-default has-x-large-font-size\">Processus de r\u00e9ception des ovocytes<\/h3>\n<\/div>\n\n\n\n<div class=\"ronded is-style-thumbnails-bottom-right wp-swiper ronded is-style-thumbnails-bottom-right ronded is-style-thumbnails-bottom-right ronded is-style-thumbnails-bottom-right ronded is-style-thumbnails-bottom-right ronded is-style-thumbnails-bottom-right ronded is-style-thumbnails-bottom-right\" id=\"procesos-section\"><div class=\"wp-swiper__wrapper\"><div class=\"swiper-container swiper\" data-swiper=\"{&quot;slidesPerView&quot;:&quot;1&quot;,&quot;navigation&quot;:true,&quot;pagination&quot;:{&quot;type&quot;:&quot;bullets&quot;},&quot;delay&quot;:3000,&quot;speed&quot;:500,&quot;loop&quot;:true,&quot;direction&quot;:&quot;horizontal&quot;,&quot;slidesOffsetBefore&quot;:0,&quot;slidesOffsetAfter&quot;:0,&quot;autoHeight&quot;:true,&quot;spaceBetween&quot;:25,&quot;releaseOnEdges&quot;:false,&quot;effect&quot;:&quot;slide&quot;}\"><div class=\"swiper-wrapper\">\n\n<div data-tab=\"slide-1\" class=\"wp-swiper__slide swiper-slide\"><div class=\"wp-swiper__overlay-color\" style=\"background-color:rgba(249, 249, 249, 1)\"><\/div><div class=\"wp-swiper__slide-content\">\n\n<section class=\"wp-block-group proceso has-global-padding is-layout-constrained wp-block-group-is-layout-constrained\">\n\n<div class=\"wp-block-columns alignfull are-vertically-aligned-center is-layout-flex wp-container-core-columns-is-layout-a2c3bef7 wp-block-columns-is-layout-flex\" style=\"border-radius:21px;padding-top:0;padding-right:2rem;padding-bottom:0;padding-left:2rem\">\n\n<div class=\"wp-block-column is-vertically-aligned-center is-layout-flow wp-block-column-is-layout-flow\" style=\"flex-basis:50%\">\n\n<div class=\"wp-block-cover is-light creatividad-proceso has-aspect-ratio\" style=\"border-radius:21px;aspect-ratio:1;min-height:unset;\"><video class=\"wp-block-cover__video-background intrinsic-ignore\" autoplay muted loop playsinline src=\"https:\/\/gravida.com\/wp-content\/uploads\/2024\/06\/entrada-gravida.mp4\" data-object-fit=\"cover\"><\/video><span aria-hidden=\"true\" class=\"wp-block-cover__background has-background-dim-0 has-background-dim\" style=\"background-color:#afafb1\"><\/span><div class=\"wp-block-cover__inner-container is-layout-flow wp-block-cover-is-layout-flow\">\n\n<p class=\"has-text-align-center has-large-font-size\"><\/p>\n\n<\/div><\/div>\n\n<\/div>\n\n\n<div class=\"wp-block-column is-vertically-aligned-center is-layout-flow wp-block-column-is-layout-flow\" style=\"flex-basis:50%\">\n\n<h4 class=\"wp-block-heading is-style-default has-large-font-size\">1. demander la gratuit\u00e9 de la premi\u00e8re visite<\/h4>\n\n\n<ul style=\"line-height:1.75\" class=\"wp-block-list is-style-checkmark-list\">\n\n<li><strong>Consultez un m\u00e9decin expert en<\/strong> procr\u00e9ation assist\u00e9e.<\/li>\n\n\n<li><strong>\u00c9tude de fertilit\u00e9<\/strong>: nous effectuons une <strong>\u00e9chographie<\/strong> pour \u00e9valuer la r\u00e9serve d&rsquo;ovules et une analyse du sperme.<\/li>\n\n\n<li>Visite m\u00e9dicale pour les <strong>r\u00e9sultats<\/strong> et l&rsquo;orientation diagnostique.<\/li>\n\n<\/ul>\n\n<\/div>\n\n<\/div>\n\n<\/section>\n\n<\/div><\/div>\n\n\n<div data-tab=\"slide-2\" class=\"wp-swiper__slide swiper-slide\"><div class=\"wp-swiper__overlay-color\" style=\"background-color:rgba(249, 249, 249, 1)\"><\/div><div class=\"wp-swiper__slide-content\">\n\n<section class=\"wp-block-group proceso has-global-padding is-layout-constrained wp-block-group-is-layout-constrained\">\n\n<div class=\"wp-block-columns alignfull are-vertically-aligned-center is-layout-flex wp-container-core-columns-is-layout-30cd009e wp-block-columns-is-layout-flex\">\n\n<div class=\"wp-block-column is-vertically-aligned-center is-layout-flow wp-block-column-is-layout-flow\" style=\"flex-basis:50%\">\n\n<div class=\"wp-block-cover is-light has-aspect-ratio\" style=\"border-radius:21px;aspect-ratio:1;min-height:unset;\"><img loading=\"lazy\" decoding=\"async\" width=\"1920\" height=\"1080\" class=\"wp-block-cover__image-background wp-image-26055\" alt=\"Gros plan des commandes d'un appareil \u00e0 ultrasons\" src=\"https:\/\/gravida.com\/wp-content\/uploads\/2024\/10\/ecografo-mano-doctor-1.jpg\" data-object-fit=\"cover\" srcset=\"https:\/\/gravida.com\/wp-content\/uploads\/2024\/10\/ecografo-mano-doctor-1.jpg 1920w, https:\/\/gravida.com\/wp-content\/uploads\/2024\/10\/ecografo-mano-doctor-1-300x169.jpg 300w, https:\/\/gravida.com\/wp-content\/uploads\/2024\/10\/ecografo-mano-doctor-1-1024x576.jpg 1024w, https:\/\/gravida.com\/wp-content\/uploads\/2024\/10\/ecografo-mano-doctor-1-768x432.jpg 768w, https:\/\/gravida.com\/wp-content\/uploads\/2024\/10\/ecografo-mano-doctor-1-1536x864.jpg 1536w\" sizes=\"auto, (max-width: 1920px) 100vw, 1920px\" \/><span aria-hidden=\"true\" class=\"wp-block-cover__background has-background-dim-0 has-background-dim\" style=\"background-color:#807979\"><\/span><div class=\"wp-block-cover__inner-container is-layout-flow wp-block-cover-is-layout-flow\">\n\n<p class=\"has-text-align-center has-large-font-size\"><\/p>\n\n<\/div><\/div>\n\n<\/div>\n\n\n<div class=\"wp-block-column is-vertically-aligned-center is-layout-flow wp-block-column-is-layout-flow\" style=\"flex-basis:50%\">\n\n<h4 class=\"wp-block-heading is-style-default has-large-font-size\">2. Tests initiaux<\/h4>\n\n\n<p>La patiente receveuse d&rsquo;ovocytes et son partenaire, une fois l&rsquo;indication m\u00e9dicale de la technique pos\u00e9e, doivent subir une s\u00e9rie d&rsquo;<strong>examens compl\u00e9mentaires pour \u00e9valuer son \u00e9tat de sant\u00e9<\/strong> et confirmer que la femme peut mener \u00e0 bien une grossesse sans risque pour elle-m\u00eame et\/ou son enfant :<\/p>\n\n\n<ul class=\"wp-block-list\">\n\n<li>Analyse g\u00e9n\u00e9rale<\/li>\n\n\n<li>S\u00e9rologies<\/li>\n\n\n<li>\u00c9chographie<\/li>\n\n\n<li>Examen gyn\u00e9cologique complet<\/li>\n\n\n<li>Autres<\/li>\n\n<\/ul>\n\n<\/div>\n\n<\/div>\n\n<\/section>\n\n<\/div><\/div>\n\n\n<div data-tab=\"slide-3\" class=\"wp-swiper__slide swiper-slide\"><div class=\"wp-swiper__overlay-color\" style=\"background-color:rgba(249, 249, 249, 1)\"><\/div><div class=\"wp-swiper__slide-content\">\n\n<section class=\"wp-block-group proceso has-global-padding is-layout-constrained wp-block-group-is-layout-constrained\">\n\n<div class=\"wp-block-columns alignfull are-vertically-aligned-center is-layout-flex wp-container-core-columns-is-layout-30cd009e wp-block-columns-is-layout-flex\">\n\n<div class=\"wp-block-column is-vertically-aligned-center is-layout-flow wp-block-column-is-layout-flow\" style=\"flex-basis:50%\">\n\n<div class=\"wp-block-cover has-aspect-ratio\" style=\"border-radius:21px;aspect-ratio:1;min-height:unset;\"><img loading=\"lazy\" decoding=\"async\" width=\"1920\" height=\"1080\" class=\"wp-block-cover__image-background wp-image-25782\" alt=\"\" src=\"https:\/\/gravida.com\/wp-content\/uploads\/2024\/06\/VIDEO-PF-SIN-TEXTO-frame-at-0m17s.jpg\" data-object-fit=\"cover\" srcset=\"https:\/\/gravida.com\/wp-content\/uploads\/2024\/06\/VIDEO-PF-SIN-TEXTO-frame-at-0m17s.jpg 1920w, https:\/\/gravida.com\/wp-content\/uploads\/2024\/06\/VIDEO-PF-SIN-TEXTO-frame-at-0m17s-300x169.jpg 300w, https:\/\/gravida.com\/wp-content\/uploads\/2024\/06\/VIDEO-PF-SIN-TEXTO-frame-at-0m17s-1024x576.jpg 1024w, https:\/\/gravida.com\/wp-content\/uploads\/2024\/06\/VIDEO-PF-SIN-TEXTO-frame-at-0m17s-768x432.jpg 768w, https:\/\/gravida.com\/wp-content\/uploads\/2024\/06\/VIDEO-PF-SIN-TEXTO-frame-at-0m17s-1536x864.jpg 1536w\" sizes=\"auto, (max-width: 1920px) 100vw, 1920px\" \/><span aria-hidden=\"true\" class=\"wp-block-cover__background has-background-dim-0 has-background-dim\" style=\"background-color:#2d2725\"><\/span><div class=\"wp-block-cover__inner-container is-layout-flow wp-block-cover-is-layout-flow\">\n\n<p class=\"has-text-align-center has-large-font-size\"><\/p>\n\n<\/div><\/div>\n\n<\/div>\n\n\n<div class=\"wp-block-column is-vertically-aligned-center is-layout-flow wp-block-column-is-layout-flow\" style=\"flex-basis:50%\">\n\n<h4 class=\"wp-block-heading is-style-default has-large-font-size\">3. Contextes possibles<\/h4>\n\n\n<p>La r\u00e9ception des ovocytes peut avoir lieu dans deux contextes :<\/p>\n\n\n<ul class=\"wp-block-list\">\n\n<li><strong>\u0152ufs frais<\/strong>: Apr\u00e8s traitement de stimulation ovarienne d&rsquo;une donneuse et ins\u00e9mination ult\u00e9rieure de ses ovocytes, avec transfert simultan\u00e9 d&#8217;embryons.<\/li>\n\n<\/ul>\n\n\n<ul class=\"wp-block-list\">\n\n<li><strong>\u0152ufs cryoconserv\u00e9s<\/strong>: apr\u00e8s cryoconservation d&rsquo;ovocytes provenant d&rsquo;un don ant\u00e9rieur.<\/li>\n\n<\/ul>\n\n\n<details class=\"wp-block-details is-style-arrow-icon-details is-layout-flow wp-block-details-is-layout-flow\"><summary>En savoir plus<\/summary>\n\n<ul class=\"wp-block-list is-style-checkmark-list\">\n\n<li>Chez les <strong>patientes ayant un cycle menstruel<\/strong>, le transfert d&#8217;embryons peut \u00eatre r\u00e9alis\u00e9 sans traitement m\u00e9dical compl\u00e9mentaire. Cependant, dans la plupart de ces cas, nous administrerons un traitement hormonal qui permettra une meilleure synchronisation entre le cycle de la donneuse et celui de la receveuse. <\/li>\n\n<\/ul>\n\n\n<ul class=\"wp-block-list is-style-checkmark-list\">\n\n<li>Chez les <strong>patientes sans fonction ovarienne<\/strong>, nous administrerons un traitement hormonal qui permettra de synchroniser le cycle de la donneuse avec celui de la receveuse.  <\/li>\n\n<\/ul>\n\n\n<p>Le but de ce <strong>traitement <\/strong>est de cr\u00e9er un <strong>environnement intra-ut\u00e9rin favorable \u00e0 l&rsquo;implantation de l&#8217;embryon<\/strong> et, en cas de gestation, de maintenir les premiers stades de la grossesse jusqu&rsquo;\u00e0 ce que le placenta puisse assumer ce r\u00f4le.<\/p>\n\n\n<p><\/p>\n\n<\/details>\n\n<\/div>\n\n<\/div>\n\n<\/section>\n\n<\/div><\/div>\n\n\n<div data-tab=\"slide-4\" class=\"wp-swiper__slide swiper-slide\"><div class=\"wp-swiper__overlay-color\" style=\"background-color:rgba(249, 249, 249, 1)\"><\/div><div class=\"wp-swiper__slide-content\">\n\n<section class=\"wp-block-group proceso has-global-padding is-layout-constrained wp-block-group-is-layout-constrained\">\n\n<div class=\"wp-block-columns alignfull are-vertically-aligned-center is-layout-flex wp-container-core-columns-is-layout-30cd009e wp-block-columns-is-layout-flex\">\n\n<div class=\"wp-block-column is-vertically-aligned-center is-layout-flow wp-block-column-is-layout-flow\" style=\"flex-basis:50%\">\n\n<div class=\"wp-block-cover has-aspect-ratio\" style=\"border-radius:21px;aspect-ratio:1;min-height:unset;\"><img loading=\"lazy\" decoding=\"async\" width=\"626\" height=\"411\" class=\"wp-block-cover__image-background wp-image-15088\" alt=\"\" src=\"https:\/\/gravida.com\/wp-content\/uploads\/2023\/03\/endometrio-estimx-estrogenica.png\" data-object-fit=\"cover\" srcset=\"https:\/\/gravida.com\/wp-content\/uploads\/2023\/03\/endometrio-estimx-estrogenica.png 626w, https:\/\/gravida.com\/wp-content\/uploads\/2023\/03\/endometrio-estimx-estrogenica-300x197.png 300w, https:\/\/gravida.com\/wp-content\/uploads\/2023\/03\/endometrio-estimx-estrogenica-18x12.png 18w\" sizes=\"auto, (max-width: 626px) 100vw, 626px\" \/><span aria-hidden=\"true\" class=\"wp-block-cover__background has-background-dim-0 has-background-dim\" style=\"background-color:#FFF\"><\/span><div class=\"wp-block-cover__inner-container is-layout-flow wp-block-cover-is-layout-flow\">\n\n<p class=\"has-text-align-center has-large-font-size\"><\/p>\n\n<\/div><\/div>\n\n<\/div>\n\n\n<div class=\"wp-block-column is-vertically-aligned-center is-layout-flow wp-block-column-is-layout-flow\" style=\"flex-basis:50%\">\n\n<h4 class=\"wp-block-heading is-style-default has-large-font-size\">4. Pr\u00e9paration de l&rsquo;endom\u00e8tre<\/h4>\n\n\n<p>Les protocoles de pr\u00e9paration de l&rsquo;endom\u00e8tre comprennent des <strong>\u0153strog\u00e8nes <\/strong>(comprim\u00e9s ou patchs), de la <strong>progest\u00e9rone <\/strong>(ovules ou comprim\u00e9s vaginaux) et parfois d&rsquo;<strong>autres m\u00e9dicaments<\/strong> tels que les analogues de la GnRH.  <\/p>\n\n\n<p>Les sch\u00e9mas sont tr\u00e8s variables en termes de dosage, de dur\u00e9e, de voie d&rsquo;administration des diff\u00e9rents m\u00e9dicaments, mais il ne semble pas y avoir de diff\u00e9rences en termes de taux de gestation.  <\/p>\n\n\n<p>Le receveur sera surveill\u00e9 au moyen d&rsquo;<strong>\u00e9chographies<\/strong> et de <strong>tests sanguins hormonaux<\/strong>.<\/p>\n\n\n<details class=\"wp-block-details is-style-arrow-icon-details is-layout-flow wp-block-details-is-layout-flow\"><summary>En savoir plus<\/summary>\n\n<p>En <strong>laboratoire<\/strong>, les ovules de la donneuse sont ins\u00e9min\u00e9s avec le sperme du partenaire ou le sperme de la banque, en fonction de l&rsquo;indication dans chaque cas. Ce processus peut \u00eatre r\u00e9alis\u00e9 \u00e0 l&rsquo;aide de diff\u00e9rentes techniques : <\/p>\n\n\n<ul class=\"wp-block-list\">\n\n<li><strong>Technique classique<\/strong> qui consiste \u00e0 laisser les ovocytes et les spermatozo\u00efdes en culture dans un milieu favorable \u00e0 la f\u00e9condation.<\/li>\n\n<\/ul>\n\n\n<ul class=\"wp-block-list\">\n\n<li>La <strong>micro-injection de spermatozo\u00efdes (ICSI<\/strong>), qui consiste \u00e0 injecter un spermatozo\u00efde dans chaque ovocyte mature pr\u00e9lev\u00e9.<\/li>\n\n<\/ul>\n\n\n<p><\/p>\n\n\n<p><\/p>\n\n<\/details>\n\n<\/div>\n\n<\/div>\n\n<\/section>\n\n<\/div><\/div>\n\n\n<div data-tab=\"slide-5\" class=\"wp-swiper__slide swiper-slide\"><div class=\"wp-swiper__overlay-color\" style=\"background-color:rgba(249, 249, 249, 1)\"><\/div><div class=\"wp-swiper__slide-content\">\n\n<section class=\"wp-block-group proceso has-global-padding is-layout-constrained wp-block-group-is-layout-constrained\">\n\n<div class=\"wp-block-columns alignfull are-vertically-aligned-center is-layout-flex wp-container-core-columns-is-layout-30cd009e wp-block-columns-is-layout-flex\">\n\n<div class=\"wp-block-column is-vertically-aligned-center is-layout-flow wp-block-column-is-layout-flow\" style=\"flex-basis:50%\">\n\n<div class=\"wp-block-cover is-light has-aspect-ratio\" style=\"border-radius:21px;aspect-ratio:1;min-height:unset;\"><video class=\"wp-block-cover__video-background intrinsic-ignore\" autoplay muted loop playsinline src=\"https:\/\/gravida.com\/wp-content\/uploads\/2024\/06\/clip-ET.mp4\" style=\"object-position:51% 36%\" data-object-fit=\"cover\" data-object-position=\"51% 36%\"><\/video><span aria-hidden=\"true\" class=\"wp-block-cover__background has-background-dim-0 has-background-dim\" style=\"background-color:#FFF\"><\/span><div class=\"wp-block-cover__inner-container is-layout-flow wp-block-cover-is-layout-flow\">\n\n<p class=\"has-text-align-center has-large-font-size\"><\/p>\n\n<\/div><\/div>\n\n<\/div>\n\n\n<div class=\"wp-block-column is-vertically-aligned-center is-layout-flow wp-block-column-is-layout-flow\" style=\"flex-basis:50%\">\n\n<h4 class=\"wp-block-heading is-style-default has-large-font-size\">5. Transfert d&#8217;embryons<\/h4>\n\n\n<p>Le jour suivant l&rsquo;ins\u00e9mination, il sera possible de d\u00e9terminer le nombre d&rsquo;ovocytes f\u00e9cond\u00e9s avec succ\u00e8s qui pourront potentiellement initier une division cellulaire pour devenir des embryons.<\/p>\n\n\n<p>Le <strong>transfert d&#8217;embryons<\/strong> peut \u00eatre effectu\u00e9 soit le deuxi\u00e8me ou le troisi\u00e8me jour apr\u00e8s le pr\u00e9l\u00e8vement des ovocytes, soit le quatri\u00e8me ou le cinqui\u00e8me jour (embryon au stade de blastocyste).  <\/p>\n\n\n<p>Cette proc\u00e9dure consiste \u00e0 <strong>d\u00e9poser les embryons dans l&rsquo;ut\u00e9rus par le vagin et le canal cervical<\/strong>. Elle est r\u00e9alis\u00e9e \u00e0 l&rsquo;aide d&rsquo;un cath\u00e9ter long et fin et est g\u00e9n\u00e9ralement surveill\u00e9e par \u00e9chographie. Il s&rsquo;agit d&rsquo;une proc\u00e9dure <strong>ambulatoire<\/strong> qui ne n\u00e9cessite pas d&rsquo;anesth\u00e9sie.  <\/p>\n\n\n<details class=\"wp-block-details is-style-arrow-icon-details is-layout-flow wp-container-core-details-is-layout-22223934 wp-block-details-is-layout-flow\" style=\"border-style:none;border-width:0px\"><summary>En savoir plus<\/summary>\n\n<p>Pour chaque cycle, le couple doit convenir avec l&rsquo;\u00e9quipe biom\u00e9dicale du <strong>nombre d&#8217;embryons \u00e0 transf\u00e9rer<\/strong> sur une <strong>base individuelle<\/strong>, afin de maximiser la probabilit\u00e9 de gestation et de minimiser le risque de gestation multiple.<\/p>\n\n\n<p><strong>La loi espagnole limite \u00e0 3<\/strong> le nombre maximum d&#8217;embryons pouvant \u00eatre transf\u00e9r\u00e9s au cours de chaque cycle.<\/p>\n\n\n<p>Dans certains cas, d&rsquo;autres proc\u00e9dures peuvent \u00eatre effectu\u00e9es sur les gam\u00e8tes ou les embryons pour am\u00e9liorer la capacit\u00e9 d&rsquo;implantation de l&#8217;embryon, comme l&rsquo;<strong>\u00e9closion assist\u00e9e<\/strong>.<\/p>\n\n\n<p><strong>Un repos strict n&rsquo;est pas n\u00e9cessaire<\/strong> apr\u00e8s cette intervention, mais il est conseill\u00e9 d&rsquo;\u00e9viter les exercices physiques consid\u00e9r\u00e9s comme risqu\u00e9s.  <\/p>\n\n<\/details>\n\n<\/div>\n\n<\/div>\n\n<\/section>\n\n<\/div><\/div>\n\n\n<div data-tab=\"slide-6\" class=\"wp-swiper__slide swiper-slide\"><div class=\"wp-swiper__overlay-color\" style=\"background-color:rgba(0, 0, 0, 0)\"><\/div><div class=\"wp-swiper__slide-content\">\n\n<section class=\"wp-block-group proceso has-global-padding is-layout-constrained wp-block-group-is-layout-constrained\">\n\n<div class=\"wp-block-columns alignfull is-layout-flex wp-container-core-columns-is-layout-30cd009e wp-block-columns-is-layout-flex\">\n\n<div class=\"wp-block-column is-layout-flow wp-block-column-is-layout-flow\" style=\"flex-basis:50%\">\n\n<div class=\"wp-block-cover is-light has-aspect-ratio\" style=\"border-radius:21px;aspect-ratio:1;min-height:unset;\"><img loading=\"lazy\" decoding=\"async\" width=\"600\" height=\"338\" class=\"wp-block-cover__image-background wp-image-26197\" alt=\"\" src=\"https:\/\/gravida.com\/wp-content\/uploads\/2024\/10\/analitica-sangre-aguja-e1728592846307.jpg\" data-object-fit=\"cover\"\/><span aria-hidden=\"true\" class=\"wp-block-cover__background has-background-dim-0 has-background-dim\" style=\"background-color:#FFF\"><\/span><div class=\"wp-block-cover__inner-container is-layout-flow wp-block-cover-is-layout-flow\">\n\n<p class=\"has-text-align-center has-large-font-size\"><\/p>\n\n<\/div><\/div>\n\n<\/div>\n\n\n<div class=\"wp-block-column is-vertically-aligned-center is-layout-flow wp-block-column-is-layout-flow\" style=\"flex-basis:50%\">\n\n<h4 class=\"wp-block-heading is-style-default has-large-font-size\">6. Contr\u00f4le de la grossesse<\/h4>\n\n\n<p>10 \u00e0 14 jours apr\u00e8s le transfert d&#8217;embryons, un test de grossesse, g\u00e9n\u00e9ralement une <strong>d\u00e9termination de l&rsquo;hormone choriogonadotrophine humaine (\u00df-HCG) dans le sang<\/strong>, sera effectu\u00e9 pour d\u00e9terminer si la grossesse a eu lieu ou non.<\/p>\n\n<\/div>\n\n<\/div>\n\n<\/section>\n\n<\/div><\/div>\n\n<\/div><\/div><div class=\"wp_swiper__navigation\"><div class=\"wp_swiper__navigation-container\"><div class=\"swiper-button-prev \"><\/div><div class=\"swiper-button-next \"><\/div><\/div><\/div><\/div><\/div>\n<\/div>\n\n\n\n<div style=\"height:35px\" aria-hidden=\"true\" class=\"wp-block-spacer\"><\/div>\n\n\n\n<div class=\"wp-block-group resultados is-layout-flow wp-block-group-is-layout-flow\" style=\"margin-top:0;margin-bottom:0;padding-top:var(--wp--preset--spacing--20);padding-bottom:var(--wp--preset--spacing--20)\">\n<h3 class=\"wp-block-heading has-x-large-font-size\">R\u00e9sultats du pr\u00e9l\u00e8vement d&rsquo;ovules<\/h3>\n\n\n\n<p>Le pr\u00e9l\u00e8vement d&rsquo;ovocytes est la technique de procr\u00e9ation assist\u00e9e qui donne les meilleurs r\u00e9sultats en termes de taux de gestation gr\u00e2ce \u00e0 l&rsquo;utilisation d&rsquo;ovocytes provenant de patientes en bonne sant\u00e9 \u00e2g\u00e9es de moins de 35 ans.<\/p>\n\n\n\n<p>Taux d&rsquo;enfants \u00e0 domicile dans les cycles de FIV avec ovocytes de donneuses r\u00e9alis\u00e9s \u00e0 Gravida entre 2019 et 2022.<\/p>\n\n\n\n<div style=\"height:30px\" aria-hidden=\"true\" class=\"wp-block-spacer\"><\/div>\n\n\n\n<div class=\"resultados-slider wp-swiper resultados-slider resultados-slider resultados-slider resultados-slider resultados-slider resultados-slider resultados-slider resultados-slider resultados-slider resultados-slider resultados-slider resultados-slider resultados-slider resultados-slider resultados-slider resultados-slider resultados-slider resultados-slider resultados-slider resultados-slider resultados-slider resultados-slider resultados-slider resultados-slider resultados-slider resultados-slider resultados-slider resultados-slider resultados-slider resultados-slider\"><div class=\"wp-swiper__wrapper\"><div class=\"swiper-container swiper\" data-debug=\"true\" data-swiper=\"{&quot;slidesPerView&quot;:&quot;1&quot;,&quot;navigation&quot;:true,&quot;pagination&quot;:{&quot;type&quot;:&quot;bullets&quot;},&quot;delay&quot;:3000,&quot;speed&quot;:500,&quot;loop&quot;:true,&quot;direction&quot;:&quot;horizontal&quot;,&quot;slidesOffsetBefore&quot;:0,&quot;slidesOffsetAfter&quot;:0,&quot;autoHeight&quot;:false,&quot;spaceBetween&quot;:0,&quot;releaseOnEdges&quot;:false,&quot;effect&quot;:&quot;slide&quot;,&quot;breakpoints&quot;:&quot;{\\&quot;768\\&quot;:{\\&quot;slidesPerView\\&quot;:3}}&quot;}\"><div class=\"swiper-wrapper\">\n\n<div data-tab=\"slide-1\" class=\"wp-swiper__slide swiper-slide\"><div class=\"wp-swiper__overlay-color\" style=\"background-color:rgba(0, 0, 0, 0)\"><\/div><div class=\"wp-swiper__slide-content\" style=\"max-width:100%\">\n\n<div role=\"progressbar\" aria-valuenow=\"69.1\" aria-valuemin=\"0\" aria-valuemax=\"100\" style=\"--value:69.1\">69.1%<\/div>\n\n\n<p class=\"has-text-align-center\">R\u00e9ception des ovocytes<\/p>\n\n<\/div><\/div>\n\n<\/div><\/div><div class=\"wp_swiper__navigation\"><div class=\"wp_swiper__navigation-container\"><div class=\"swiper-button-prev \"><\/div><div class=\"swiper-button-next \"><\/div><\/div><\/div><\/div><\/div>\n\n\n\n<style>\n@keyframes growProgressBar {\n  0%, 33% { --pgPercentage: 0; }\n  100% { --pgPercentage: var(--value); }\n}\n\n@property --pgPercentage {\n  syntax: '<number>';\n  inherits: false;\n  initial-value: 0;\n}\n\ndiv[role=\"progressbar\"] {\n  --size: 12rem;\n  --fg: #ab0034;\n  --bg: #f8e9e8;\n  --pgPercentage: var(--value);\n  animation: growProgressBar 3s 1 forwards;\n  width: var(--size);\n  height: var(--size);\n  border-radius: 50%;\n  display: grid;\n  place-items: center;\n  background: \n    radial-gradient(closest-side, white 80%, transparent 0 99.9%, white 0),\n    conic-gradient(var(--fg) calc(var(--pgPercentage) * 1%), var(--bg) 0)\n    ;\n  font-family: Helvetica, Arial, sans-serif;\n  font-size: calc(var(--size) \/ 5);\n  color: var(--fg);\n}\n\ndiv[role=\"progressbar\"]::before {\n  counter-reset: percentage var(--value);\n  content: counter(percentage) '%';\n}\n<\/style>\n<\/div>\n\n\n\n<div style=\"height:35px\" aria-hidden=\"true\" class=\"wp-block-spacer\"><\/div>\n\n\n\n<div class=\"wp-block-group alignfull none doctores has-base-background-color has-background is-layout-flow wp-block-group-is-layout-flow\" style=\"margin-top:0;margin-bottom:0;padding-top:var(--wp--preset--spacing--40);padding-right:var(--wp--preset--spacing--10);padding-bottom:var(--wp--preset--spacing--40);padding-left:var(--wp--preset--spacing--10)\">\n<h4 class=\"wp-block-heading alignwide has-text-align-center has-x-large-font-size\" style=\"margin-top:0;margin-bottom:var(--wp--preset--spacing--20)\">Rencontrez nos sp\u00e9cialistes en r\u00e9ception d&rsquo;ovocytes<\/h4>\n\n\n\n<div class=\"is-style-thumbnails-bottom-right wp-swiper is-style-thumbnails-bottom-right is-style-thumbnails-bottom-right is-style-thumbnails-bottom-right is-style-thumbnails-bottom-right is-style-thumbnails-bottom-right is-style-thumbnails-bottom-right\" id=\"carru-team\"><div class=\"wp-swiper__wrapper\"><div class=\"swiper-container swiper\" data-swiper=\"{&quot;slidesPerView&quot;:&quot;1.25&quot;,&quot;navigation&quot;:true,&quot;pagination&quot;:{&quot;type&quot;:&quot;bullets&quot;},&quot;delay&quot;:3000,&quot;speed&quot;:500,&quot;loop&quot;:false,&quot;direction&quot;:&quot;horizontal&quot;,&quot;slidesOffsetBefore&quot;:0,&quot;slidesOffsetAfter&quot;:0,&quot;autoHeight&quot;:true,&quot;spaceBetween&quot;:25,&quot;releaseOnEdges&quot;:false,&quot;effect&quot;:&quot;slide&quot;,&quot;breakpoints&quot;:&quot;{\\&quot;720\\&quot;:{\\&quot;slidesPerView\\&quot;:4}}&quot;}\"><div class=\"swiper-wrapper\">\n\n<div class=\"wp-swiper__slide swiper-slide equipo-carru\" data-tab=\"slide-1\"><div class=\"wp-swiper__overlay-color\" style=\"background-color:rgba(0, 0, 0, 0)\"><\/div><div class=\"wp-swiper__slide-content\">\n\n<div class=\"wp-block-cover aligncenter is-light\" style=\"border-top-left-radius:21px;border-top-right-radius:21px;border-bottom-left-radius:0px;border-bottom-right-radius:0px;min-height:200px;aspect-ratio:unset;\"><img loading=\"lazy\" decoding=\"async\" width=\"434\" height=\"542\" class=\"wp-block-cover__image-background wp-image-82\" alt=\"\" src=\"https:\/\/gravida.com\/wp-content\/uploads\/2023\/11\/ANNA-GALINDO.jpg\" style=\"object-position:50% 0%\" data-object-fit=\"cover\" data-object-position=\"50% 0%\" srcset=\"https:\/\/gravida.com\/wp-content\/uploads\/2023\/11\/ANNA-GALINDO.jpg 434w, https:\/\/gravida.com\/wp-content\/uploads\/2023\/11\/ANNA-GALINDO-240x300.jpg 240w\" sizes=\"auto, (max-width: 434px) 100vw, 434px\" \/><span aria-hidden=\"true\" class=\"wp-block-cover__background has-background-dim-0 has-background-dim\" style=\"background-color:#c5aea3\"><\/span><div class=\"wp-block-cover__inner-container is-layout-flow wp-block-cover-is-layout-flow\">\n\n<p class=\"has-text-align-center has-large-font-size\"><\/p>\n\n<\/div><\/div>\n\n\n<div class=\"wp-block-group has-base-2-background-color has-background is-vertical is-content-justification-center is-nowrap is-layout-flex wp-container-core-group-is-layout-21d4e958 wp-block-group-is-layout-flex\">\n\n<p class=\"has-text-align-center has-small-font-size\"><strong>  Dr. Anna Galindo Trias <\/strong><\/p>\n\n\n<p class=\"has-text-align-center has-small-font-size\">Directeur m\u00e9dical de Gravida<\/p>\n\n<\/div>\n\n<\/div><\/div>\n\n\n<div class=\"wp-swiper__slide swiper-slide equipo-carru\" data-tab=\"slide-2\"><div class=\"wp-swiper__overlay-color\" style=\"background-color:rgba(0, 0, 0, 0)\"><\/div><div class=\"wp-swiper__slide-content\">\n\n<div class=\"wp-block-cover aligncenter is-light\" style=\"border-top-left-radius:21px;border-top-right-radius:21px;min-height:200px;aspect-ratio:unset;\"><img loading=\"lazy\" decoding=\"async\" width=\"434\" height=\"542\" class=\"wp-block-cover__image-background wp-image-8555\" alt=\"\" src=\"https:\/\/gravida.com\/wp-content\/uploads\/2020\/05\/CARLA-ROJAS.jpg\" style=\"object-position:50% 0%\" data-object-fit=\"cover\" data-object-position=\"50% 0%\" srcset=\"https:\/\/gravida.com\/wp-content\/uploads\/2020\/05\/CARLA-ROJAS.jpg 434w, https:\/\/gravida.com\/wp-content\/uploads\/2020\/05\/CARLA-ROJAS-240x300.jpg 240w, https:\/\/gravida.com\/wp-content\/uploads\/2020\/05\/CARLA-ROJAS-10x12.jpg 10w\" sizes=\"auto, (max-width: 434px) 100vw, 434px\" \/><span aria-hidden=\"true\" class=\"wp-block-cover__background has-background-dim-0 has-background-dim\" style=\"background-color:#c4aea6\"><\/span><div class=\"wp-block-cover__inner-container is-layout-flow wp-block-cover-is-layout-flow\">\n\n<p class=\"has-text-align-center has-large-font-size\"><\/p>\n\n<\/div><\/div>\n\n\n<div class=\"wp-block-group is-vertical is-content-justification-center is-nowrap is-layout-flex wp-container-core-group-is-layout-21d4e958 wp-block-group-is-layout-flex\">\n\n<p class=\"has-text-align-center has-small-font-size\"><strong>Dr. Carla Rojas Bautista <\/strong><\/p>\n\n\n<p class=\"has-text-align-center has-small-font-size\">M\u00e9decin sp\u00e9cialis\u00e9 dans la procr\u00e9ation assist\u00e9e<\/p>\n\n<\/div>\n\n<\/div><\/div>\n\n\n<div class=\"wp-swiper__slide swiper-slide equipo-carru\" data-tab=\"slide-3\"><div class=\"wp-swiper__overlay-color\" style=\"background-color:rgba(0, 0, 0, 0)\"><\/div><div class=\"wp-swiper__slide-content\">\n\n<div class=\"wp-block-cover aligncenter is-light\" style=\"border-top-left-radius:21px;border-top-right-radius:21px;border-bottom-left-radius:0px;border-bottom-right-radius:0px;padding-right:0;padding-left:0;min-height:200px;aspect-ratio:unset;\"><img loading=\"lazy\" decoding=\"async\" width=\"434\" height=\"542\" class=\"wp-block-cover__image-background wp-image-86\" alt=\"\" src=\"https:\/\/gravida.com\/wp-content\/uploads\/2023\/11\/LAURA-GOMILA.jpg\" style=\"object-position:52% 4%\" data-object-fit=\"cover\" data-object-position=\"52% 4%\" srcset=\"https:\/\/gravida.com\/wp-content\/uploads\/2023\/11\/LAURA-GOMILA.jpg 434w, https:\/\/gravida.com\/wp-content\/uploads\/2023\/11\/LAURA-GOMILA-240x300.jpg 240w\" sizes=\"auto, (max-width: 434px) 100vw, 434px\" \/><span aria-hidden=\"true\" class=\"wp-block-cover__background has-background-dim-0 has-background-dim\" style=\"background-color:#dcd7d7\"><\/span><div class=\"wp-block-cover__inner-container is-layout-flow wp-block-cover-is-layout-flow\">\n\n<p class=\"has-text-align-center has-large-font-size\"><\/p>\n\n<\/div><\/div>\n\n\n<div class=\"wp-block-group is-vertical is-content-justification-center is-nowrap is-layout-flex wp-container-core-group-is-layout-21d4e958 wp-block-group-is-layout-flex\">\n\n<p class=\"has-text-align-center has-small-font-size\"><strong>Dr. Laura Gomila Villalonga <\/strong><\/p>\n\n\n<p class=\"has-text-align-center has-small-font-size\">M\u00e9decin sp\u00e9cialis\u00e9 dans la procr\u00e9ation assist\u00e9e<\/p>\n\n<\/div>\n\n<\/div><\/div>\n\n\n<div class=\"wp-swiper__slide swiper-slide equipo-carru\" data-tab=\"slide-4\"><div class=\"wp-swiper__overlay-color\" style=\"background-color:rgba(0, 0, 0, 0)\"><\/div><div class=\"wp-swiper__slide-content\">\n\n<div class=\"wp-block-cover aligncenter is-light\" style=\"border-top-left-radius:21px;border-top-right-radius:19px;min-height:200px;aspect-ratio:unset;\"><img loading=\"lazy\" decoding=\"async\" width=\"434\" height=\"542\" class=\"wp-block-cover__image-background wp-image-8560\" alt=\"\" src=\"https:\/\/gravida.com\/wp-content\/uploads\/2020\/05\/JOSE-MARIA-GRIS.jpg\" style=\"object-position:46% 0%\" data-object-fit=\"cover\" data-object-position=\"46% 0%\" srcset=\"https:\/\/gravida.com\/wp-content\/uploads\/2020\/05\/JOSE-MARIA-GRIS.jpg 434w, https:\/\/gravida.com\/wp-content\/uploads\/2020\/05\/JOSE-MARIA-GRIS-240x300.jpg 240w, https:\/\/gravida.com\/wp-content\/uploads\/2020\/05\/JOSE-MARIA-GRIS-10x12.jpg 10w\" sizes=\"auto, (max-width: 434px) 100vw, 434px\" \/><span aria-hidden=\"true\" class=\"wp-block-cover__background has-background-dim-0 has-background-dim\" style=\"background-color:#bea59d\"><\/span><div class=\"wp-block-cover__inner-container is-layout-flow wp-block-cover-is-layout-flow\">\n\n<p class=\"has-text-align-center has-large-font-size\"><\/p>\n\n<\/div><\/div>\n\n\n<div class=\"wp-block-group is-vertical is-content-justification-center is-nowrap is-layout-flex wp-container-core-group-is-layout-21d4e958 wp-block-group-is-layout-flex\">\n\n<p class=\"has-text-align-center has-small-font-size\"><strong>Dr. Josep Maria Gris Mart\u00ednez<\/strong><\/p>\n\n\n<p class=\"has-text-align-center has-small-font-size\">Sp\u00e9cialiste associ\u00e9 senior chez Gravida<\/p>\n\n<\/div>\n\n<\/div><\/div>\n\n<\/div><\/div><div class=\"wp_swiper__navigation\"><div class=\"wp_swiper__navigation-container\"><div class=\"swiper-button-prev \"><\/div><div class=\"swiper-button-next \"><\/div><\/div><\/div><\/div><\/div>\n<\/div>\n\n\n\n<div style=\"height:35px\" aria-hidden=\"true\" class=\"wp-block-spacer\"><\/div>\n\n\n\n<div class=\"wp-block-group alignfull has-base-color has-base-background-color has-text-color has-background has-link-color wp-elements-b5f377ead2f733a401fff5220b3b07d5 has-global-padding is-layout-constrained wp-container-core-group-is-layout-ffe16fa0 wp-block-group-is-layout-constrained\" style=\"margin-top:var(--wp--preset--spacing--20);margin-bottom:var(--wp--preset--spacing--20);padding-top:var(--wp--preset--spacing--20);padding-right:var(--wp--preset--spacing--40);padding-bottom:var(--wp--preset--spacing--20);padding-left:var(--wp--preset--spacing--40)\">\n<h4 class=\"wp-block-heading alignwide\" style=\"font-size:clamp(1.502rem, 1.502rem + ((1vw - 0.2rem) * 1.663), 2.5rem);letter-spacing:-0.02em\">Questions fr\u00e9quemment pos\u00e9es<\/h4>\n\n\n\n<div class=\"wp-block-group alignwide is-layout-flow wp-block-group-is-layout-flow\" style=\"padding-top:var(--wp--preset--spacing--10)\">\n<hr class=\"wp-block-separator has-text-color has-base-color has-alpha-channel-opacity has-base-background-color has-background is-style-wide\"\/>\n\n\n\n<details class=\"wp-block-details is-style-arrow-icon-details has-contrast-color has-text-color has-link-color has-medium-font-size wp-elements-2dd3a3e64e3f32f297f9cf9b4cbd67c8 is-layout-flow wp-block-details-is-layout-flow\" style=\"border-top-style:none;border-top-width:0px;border-right-style:none;border-right-width:0px;border-bottom-color:var(--wp--preset--color--base);border-bottom-style:solid;border-bottom-width:1px;border-left-style:none;border-left-width:0px;margin-top:0;font-style:normal;font-weight:400\"><summary><strong>Comment les cycles sont-ils synchronis\u00e9s entre la donneuse et la receveuse d&rsquo;ovules ?<\/strong><\/summary>\n<p class=\"has-small-font-size\" style=\"font-style:normal;font-weight:300\">La synchronisation entre la donneuse et la receveuse est une \u00e9tape cl\u00e9 du processus. Des m\u00e9dicaments hormonaux sont utilis\u00e9s pour pr\u00e9parer l&rsquo;endom\u00e8tre de la receveuse afin qu&rsquo;il soit pr\u00eat \u00e0 accueillir l&#8217;embryon au moment optimal. Dans certains cas, des ovules pr\u00e9alablement vitrifi\u00e9s (congel\u00e9s) peuvent \u00eatre utilis\u00e9s, ce qui permet une plus grande flexibilit\u00e9 dans le choix du moment.  <\/p>\n<\/details>\n\n\n\n<details class=\"wp-block-details is-style-arrow-icon-details has-contrast-color has-text-color has-link-color has-medium-font-size wp-elements-a3daece009b7f43730172a0c1af3fa49 is-layout-flow wp-block-details-is-layout-flow\" style=\"border-top-style:none;border-top-width:0px;border-right-style:none;border-right-width:0px;border-bottom-color:var(--wp--preset--color--base);border-bottom-style:solid;border-bottom-width:1px;border-left-style:none;border-left-width:0px;margin-top:0;font-style:normal;font-weight:400\"><summary><strong><strong>Le traitement par pr\u00e9l\u00e8vement d&rsquo;ovules est-il anonyme ?<\/strong><\/strong><\/summary>\n<p class=\"has-small-font-size\" style=\"font-style:normal;font-weight:300\">Oui, en Espagne, le don d&rsquo;ovules est totalement anonyme en vertu de la loi. Ni la receveuse ni la donneuse n&rsquo;ont acc\u00e8s \u00e0 l&rsquo;identit\u00e9 de l&rsquo;autre personne. Toutefois, il est garanti que les ovules donn\u00e9s proviennent d&rsquo;une femme en bonne sant\u00e9 qui r\u00e9pond \u00e0 toutes les exigences m\u00e9dicales et l\u00e9gales afin d&rsquo;assurer un traitement de la meilleure qualit\u00e9 possible.  <\/p>\n<\/details>\n\n\n\n<details class=\"wp-block-details is-style-arrow-icon-details has-contrast-color has-text-color has-link-color has-medium-font-size wp-elements-bc6f6e7c8dc6d85416da430419b85581 is-layout-flow wp-block-details-is-layout-flow\" style=\"border-top-style:none;border-top-width:0px;border-right-style:none;border-right-width:0px;border-bottom-color:var(--wp--preset--color--base);border-bottom-style:solid;border-bottom-width:1px;border-left-style:none;border-left-width:0px;margin-top:0;font-style:normal;font-weight:400\"><summary><strong><strong><strong>Quel est le d\u00e9lai d&rsquo;attente pour recevoir des ovules donn\u00e9s ?<\/strong><\/strong><\/strong><\/summary>\n<p class=\"has-small-font-size\" style=\"font-style:normal;font-weight:300\">Le temps d&rsquo;attente peut varier en fonction de la disponibilit\u00e9 de donneuses compatibles et des exigences sp\u00e9cifiques du traitement. Chez Gravida, nous nous effor\u00e7ons de minimiser ce temps, gr\u00e2ce \u00e0 notre base de donneuses et \u00e0 la possibilit\u00e9 d&rsquo;utiliser des ovules vitrifi\u00e9s, ce qui permet une plus grande flexibilit\u00e9 dans la planification du traitement. <\/p>\n<\/details>\n\n\n\n<details class=\"wp-block-details is-style-arrow-icon-details has-contrast-color has-text-color has-link-color has-medium-font-size wp-elements-097110453d62efd82f08858f853253f7 is-layout-flow wp-block-details-is-layout-flow\" style=\"border-top-style:none;border-top-width:0px;border-right-style:none;border-right-width:0px;border-bottom-color:var(--wp--preset--color--base);border-bottom-style:solid;border-bottom-width:1px;border-left-style:none;border-left-width:0px;margin-top:0;font-style:normal;font-weight:400\"><summary><strong><strong><strong><strong>Combien d&#8217;embryons sont transf\u00e9r\u00e9s lors d&rsquo;un traitement de r\u00e9ception d&rsquo;ovules ?<\/strong><\/strong><\/strong><\/strong><\/summary>\n<p class=\"has-small-font-size\" style=\"font-style:normal;font-weight:300\">Dans la plupart des cas, un seul embryon est transf\u00e9r\u00e9 afin de r\u00e9duire le risque de grossesse multiple et d&rsquo;am\u00e9liorer les chances de r\u00e9ussite du traitement. Toutefois, en fonction de la situation m\u00e9dicale, deux embryons peuvent \u00eatre transf\u00e9r\u00e9s, apr\u00e8s une \u00e9valuation minutieuse par l&rsquo;\u00e9quipe m\u00e9dicale. <\/p>\n<\/details>\n\n\n\n<div style=\"margin-top:var(--wp--preset--spacing--10);margin-bottom:0;height:var(--wp--preset--spacing--10)\" aria-hidden=\"true\" class=\"wp-block-spacer\"><\/div>\n<\/div>\n<\/div>\n\n\n\n<div style=\"height:35px\" aria-hidden=\"true\" class=\"wp-block-spacer\"><\/div>\n\n\n\n<div class=\"wp-block-group alignfull opiniones has-background has-global-padding is-layout-constrained wp-container-core-group-is-layout-9e9be3cb wp-block-group-is-layout-constrained\" style=\"background-color:#fafafa;padding-top:var(--wp--preset--spacing--20);padding-right:var(--wp--preset--spacing--20);padding-bottom:var(--wp--preset--spacing--20);padding-left:var(--wp--preset--spacing--20)\">\n<div class=\"wp-block-group alignwide has-global-padding is-layout-constrained wp-block-group-is-layout-constrained\">\n<h4 class=\"wp-block-heading alignwide has-accent-2-color has-text-color has-link-color has-x-large-font-size wp-elements-253670366f15d09e6e3072fb2e083fb5\" style=\"margin-top:var(--wp--preset--spacing--20);margin-bottom:var(--wp--preset--spacing--20)\">Un vrai retour d&rsquo;information de la part de nos patients<\/h4>\n\n\n<div class=\"wp-gr rpi wpac\" data-id=\"31486\" data-layout=\"slider\" data-exec=\"false\" data-options='{&quot;text_size&quot;:&quot;100&quot;,&quot;trans&quot;:{&quot;read more&quot;:&quot;plus&quot;}}'><svg xmlns=\"http:\/\/www.w3.org\/2000\/svg\" style=\"display:none!important\"><symbol id=\"grw-tripadvisor\" viewBox=\"0 0 713.496 713.496\"><g><circle fill=\"#34E0A1\" cx=\"356.749\" cy=\"356.748\" r=\"356.748\"\/><path d=\"M577.095,287.152l43.049-46.836h-95.465c-47.792-32.646-105.51-51.659-167.931-51.659   c-62.342,0-119.899,19.054-167.612,51.659H93.432l43.049,46.836c-26.387,24.075-42.929,58.754-42.929,97.259   c0,72.665,58.914,131.578,131.579,131.578c34.519,0,65.968-13.313,89.446-35.077l42.172,45.919l42.172-45.879   c23.478,21.764,54.887,35.037,89.406,35.037c72.665,0,131.658-58.913,131.658-131.578   C620.024,345.866,603.483,311.188,577.095,287.152z M225.17,473.458c-49.188,0-89.047-39.859-89.047-89.047   s39.86-89.048,89.047-89.048c49.187,0,89.047,39.86,89.047,89.048S274.357,473.458,225.17,473.458z M356.788,381.82   c0-58.595-42.61-108.898-98.853-130.383c30.413-12.716,63.776-19.771,98.813-19.771s68.439,7.055,98.853,19.771   C399.399,272.962,356.788,323.226,356.788,381.82z M488.367,473.458c-49.188,0-89.048-39.859-89.048-89.047   s39.86-89.048,89.048-89.048s89.047,39.86,89.047,89.048S537.554,473.458,488.367,473.458z M488.367,337.694   c-25.79,0-46.677,20.887-46.677,46.677c0,25.789,20.887,46.676,46.677,46.676c25.789,0,46.676-20.887,46.676-46.676   C535.042,358.621,514.156,337.694,488.367,337.694z M271.846,384.411c0,25.789-20.887,46.676-46.676,46.676   s-46.676-20.887-46.676-46.676c0-25.79,20.887-46.677,46.676-46.677C250.959,337.694,271.846,358.621,271.846,384.411z\"\/><\/g><\/symbol><symbol id=\"grw-google\" viewBox=\"0 0 512 512\"><g fill=\"none\" fill-rule=\"evenodd\"><path d=\"M482.56 261.36c0-16.73-1.5-32.83-4.29-48.27H256v91.29h127.01c-5.47 29.5-22.1 54.49-47.09 71.23v59.21h76.27c44.63-41.09 70.37-101.59 70.37-173.46z\" fill=\"#4285f4\"\/><path d=\"M256 492c63.72 0 117.14-21.13 156.19-57.18l-76.27-59.21c-21.13 14.16-48.17 22.53-79.92 22.53-61.47 0-113.49-41.51-132.05-97.3H45.1v61.15c38.83 77.13 118.64 130.01 210.9 130.01z\" fill=\"#34a853\"\/><path d=\"M123.95 300.84c-4.72-14.16-7.4-29.29-7.4-44.84s2.68-30.68 7.4-44.84V150.01H45.1C29.12 181.87 20 217.92 20 256c0 38.08 9.12 74.13 25.1 105.99l78.85-61.15z\" fill=\"#fbbc05\"\/><path d=\"M256 113.86c34.65 0 65.76 11.91 90.22 35.29l67.69-67.69C373.03 43.39 319.61 20 256 20c-92.25 0-172.07 52.89-210.9 130.01l78.85 61.15c18.56-55.78 70.59-97.3 132.05-97.3z\" fill=\"#ea4335\"\/><path d=\"M20 20h472v472H20V20z\"\/><\/g><\/symbol><\/svg><div class=\"grw-row grw-row-m\" data-options='{\"speed\":3,\"autoplay\":false,\"mousestop\":true,\"breakpoints\":\"\"}'><div class=\"rpi-slides-root grw-content\"><div class=\"grw-content-inner\"><button class=\"rpi-ltgt rpi-lt grw-prev\" tabindex=\"0\"><\/button><div class=\"rpi-slides grw-reviews rpi-slides-bite\" data-count=\"19\" data-offset=\"19\"><div class=\"rpi-slide grw-review\"><div class=\"rpi-flx rpi-col12 grw-review-inner grw-backgnd grw-round\"><div class=\"rpi-flx rpi-row12-center\"><div class=\"grw-img-wrap\"><img decoding=\"async\" class=\"grw-img\" src=\"https:\/\/lh3.googleusercontent.com\/a\/ACg8ocIpbq1PkpVMwkqvRaCEwPecaHNLgLuryMUxA3FLkVuWI-zHXw=s56-c-rp-mo-br100\" loading=\"lazy\" alt=\"Bouchra Habil profile picture\" width=\"50\" height=\"50\" onerror=\"if(this.src!='https:\/\/gravida.com\/wp-content\/plugins\/widget-google-reviews\/assets\/img\/guest.png')this.src='https:\/\/gravida.com\/wp-content\/plugins\/widget-google-reviews\/assets\/img\/guest.png';\" ><\/div><div class=\"rpi-flx rpi-col6\"><a href=\"https:\/\/www.google.com\/maps\/contrib\/107200019268460581475\/reviews\" class=\"wp-google-name\" target=\"_blank\" rel=\"nofollow noopener\">Bouchra Habil<\/a><div class=\"wp-google-time\" data-time=\"1749237796\">19:23 06 Jun 25<\/div><\/div><\/div><span class=\"rpi-stars\" style=\"--rating:5\"><\/span><div class=\"rpi-flx rpi-col4\"><div class=\"wp-google-feedback grw-scroll\" ><span class=\"wp-google-text\">Despu\u00e9s de mucho tiempo intentando quedarme embarazada sin \u00e9xito, decidimos acudir a la cl\u00ednica Gr\u00e1vida, y fue la mejor decisi\u00f3n que pudimos tomar.<br \/><br \/>Nos atendi\u00f3 la doctora Anna Galindo, una profesional incre\u00edblemente amable, cercana, siempre con una sonrisa, que te explica todo con claridad desde el primer momento. Nos pidi\u00f3 unas anal\u00edticas y, por suerte, todo sali\u00f3 bien.<br \/><br \/>En una visita rutinaria, me explic\u00f3 con much\u00edsima paciencia que estaba justo en mi periodo de ovulaci\u00f3n y que, seg\u00fan los resultados, no necesit\u00e1bamos ning\u00fan tratamiento complejo, solo un peque\u00f1o empuj\u00f3n con suplementos vitam\u00ednicos. Nos recet\u00f3 unas vitaminas y, sinceramente, fue como magia\u2026 \u00a1ese mismo mes me qued\u00e9 embarazada!<br \/><br \/>Recuerdo perfectamente que nos dijo con gran humildad: \u201cEspero que no teng\u00e1is que volver aqu\u00ed para ning\u00fan tratamiento.\u201d Y as\u00ed fue. Es una doctora que no busca venderte tratamientos innecesarios, como ocurre en otras cl\u00ednicas, sino que apuesta por lo m\u00e1s natural y respetuoso con tu cuerpo.<br \/><br \/>Tambi\u00e9n quiero dar las gracias a la doctora Laura Gomila, a quien conozco personalmente. Siempre ha estado pendiente, aconsej\u00e1ndome y resolviendo mis dudas con much\u00edsimo cari\u00f1o.<br \/><br \/>Recomiendo Gr\u00e1vida sin dudarlo, no solo por su profesionalidad, sino por el trato humano, la humildad y el amor con el que trabajan. Estoy profundamente agradecida por haber encontrado este equipo.<\/span><\/div><\/div><svg height=\"16\" width=\"16\" role=\"none\"><use href=\"#grw-google\"\/><\/svg><\/div><\/div><div class=\"rpi-slide grw-review\"><div class=\"rpi-flx rpi-col12 grw-review-inner grw-backgnd grw-round\"><div class=\"rpi-flx rpi-row12-center\"><div class=\"grw-img-wrap\"><img decoding=\"async\" class=\"grw-img\" src=\"https:\/\/lh3.googleusercontent.com\/a\/ACg8ocJDQ4dPtlzXW59hBnW1liNHSGeP7E-juj4TqLWa4XqQP8J0QQ=s56-c-rp-mo-br100\" loading=\"lazy\" alt=\"Marta Esquius Martinez profile picture\" width=\"50\" height=\"50\" onerror=\"if(this.src!='https:\/\/gravida.com\/wp-content\/plugins\/widget-google-reviews\/assets\/img\/guest.png')this.src='https:\/\/gravida.com\/wp-content\/plugins\/widget-google-reviews\/assets\/img\/guest.png';\" ><\/div><div class=\"rpi-flx rpi-col6\"><a href=\"https:\/\/www.google.com\/maps\/contrib\/109607781255324033269\/reviews\" class=\"wp-google-name\" target=\"_blank\" rel=\"nofollow noopener\">Marta Esquius Martinez<\/a><div class=\"wp-google-time\" data-time=\"1748950975\">11:42 03 Jun 25<\/div><\/div><\/div><span class=\"rpi-stars\" style=\"--rating:5\"><\/span><div class=\"rpi-flx rpi-col4\"><div class=\"wp-google-feedback grw-scroll\" ><span class=\"wp-google-text\">Nuestra experiencia con la doctora Gomila fue de 10.<br \/>Part\u00edamos de dos negativos de otra cl\u00ednica, y encontrar esta cl\u00ednica y esta doctora fue todo un acierto, nos hizo todas las pruebas necesarias para dar con el problema, lo tratamos, y bingo, nos quedamos a la primera! &#x1f601; estamos muy muy agradecidas con el trato de todo el personal, pero en especial con el de nuestra doctora, que nos fue muy clara desde el minuto uno, y supo acompa\u00f1arnos en este proceso que para nosotras no result\u00f3 f\u00e1cil, por las experiencias anteriores! Ahora nos encontramos desbordantes de felicidad a la espera de la llegada de nuestro segundo beb\u00e9!<\/span><\/div><\/div><svg height=\"16\" width=\"16\" role=\"none\"><use href=\"#grw-google\"\/><\/svg><\/div><\/div><div class=\"rpi-slide grw-review\"><div class=\"rpi-flx rpi-col12 grw-review-inner grw-backgnd grw-round\"><div class=\"rpi-flx rpi-row12-center\"><div class=\"grw-img-wrap\"><img decoding=\"async\" class=\"grw-img\" src=\"https:\/\/lh3.googleusercontent.com\/a\/ACg8ocLCqEYw1IWgAI9CKXeO1p2xvMByLSTLXxAm0PlqCXnVXZi0=s56-c-rp-mo-br100\" loading=\"lazy\" alt=\"N\u00faria profile picture\" width=\"50\" height=\"50\" onerror=\"if(this.src!='https:\/\/gravida.com\/wp-content\/plugins\/widget-google-reviews\/assets\/img\/guest.png')this.src='https:\/\/gravida.com\/wp-content\/plugins\/widget-google-reviews\/assets\/img\/guest.png';\" ><\/div><div class=\"rpi-flx rpi-col6\"><a href=\"https:\/\/www.google.com\/maps\/contrib\/102979437553818417678\/reviews\" class=\"wp-google-name\" target=\"_blank\" rel=\"nofollow noopener\">N\u00faria<\/a><div class=\"wp-google-time\" data-time=\"1747812175\">07:22 21 May 25<\/div><\/div><\/div><span class=\"rpi-stars\" style=\"--rating:5\"><\/span><div class=\"rpi-flx rpi-col4\"><div class=\"wp-google-feedback grw-scroll\" ><span class=\"wp-google-text\">Gracias Gravida , en especial a la doctora Laura Gomila por ayudarnos a hacer realidad nuestro sue\u00f1o, por tu cercan\u00eda y tu cari\u00f1o . Estaremos siempre agradecidos y sabiendo que no pudimos escoger mejor.<\/span><\/div><\/div><svg height=\"16\" width=\"16\" role=\"none\"><use href=\"#grw-google\"\/><\/svg><\/div><\/div><div class=\"rpi-slide grw-review\"><div class=\"rpi-flx rpi-col12 grw-review-inner grw-backgnd grw-round\"><div class=\"rpi-flx rpi-row12-center\"><div class=\"grw-img-wrap\"><img decoding=\"async\" class=\"grw-img\" src=\"https:\/\/lh3.googleusercontent.com\/a-\/ALV-UjVpnQXWrhlOjZg46ytQ5w6JIbg8rPC1cY9y4a6g8ZCRpTUcP1fY=s56-c-rp-mo-ba2-br100\" loading=\"lazy\" alt=\"Alexandre Lhussa profile picture\" width=\"50\" height=\"50\" onerror=\"if(this.src!='https:\/\/gravida.com\/wp-content\/plugins\/widget-google-reviews\/assets\/img\/guest.png')this.src='https:\/\/gravida.com\/wp-content\/plugins\/widget-google-reviews\/assets\/img\/guest.png';\" ><\/div><div class=\"rpi-flx rpi-col6\"><a href=\"https:\/\/www.google.com\/maps\/contrib\/109795413496870730948\/reviews\" class=\"wp-google-name\" target=\"_blank\" rel=\"nofollow noopener\">Alexandre Lhussa<\/a><div class=\"wp-google-time\" data-time=\"1742728178\">11:09 23 Mar 25<\/div><\/div><\/div><span class=\"rpi-stars\" style=\"--rating:5\"><\/span><div class=\"rpi-flx rpi-col4\"><div class=\"wp-google-feedback grw-scroll\" ><span class=\"wp-google-text\">Estamos contentos con nuestra experiencia con Gravida. Todo el equipo es muy servicial. Los doctores Gomila, Villaflor y Hern\u00e1ndez nos siguieron de cerca y siempre respondieron nuestras preguntas con gran acierto.<br \/><br \/>Por supuesto, hay pruebas que podr\u00edamos habernos hecho antes, pero este sigue siendo un \u00e1rea que a\u00fan no se ha explorado a fondo. Cada paciente tiene una situaci\u00f3n muy diferente y cada m\u00e9dico tiene su propio enfoque. Mi esposa se embaraz\u00f3 despu\u00e9s del segundo intento de FIV, y encontrar una soluci\u00f3n fue un trabajo en equipo entre nosotros y Gravida.<br \/><br \/>Acudir a una cl\u00ednica privada cuesta dinero, y la FIV es una experiencia psicol\u00f3gica dif\u00edcil. Debe tener en cuenta que los ginec\u00f3logos responden a nuestras preguntas y nos orientan, pero la decisi\u00f3n de realizar m\u00e1s pruebas o tratamientos antes de la implantaci\u00f3n depende de la paciente, por lo que debe participar.<\/span><\/div><\/div><svg height=\"16\" width=\"16\" role=\"none\"><use href=\"#grw-google\"\/><\/svg><\/div><\/div><div class=\"rpi-slide grw-review\"><div class=\"rpi-flx rpi-col12 grw-review-inner grw-backgnd grw-round\"><div class=\"rpi-flx rpi-row12-center\"><div class=\"grw-img-wrap\"><img decoding=\"async\" class=\"grw-img\" src=\"https:\/\/lh3.googleusercontent.com\/a\/ACg8ocINPfbPbsqOL4iMtvlhxO28rQtVbwuUbYXTU_b2WjUWgWljdQ=s56-c-rp-mo-br100\" loading=\"lazy\" alt=\"Albert Maym\u00f3 profile picture\" width=\"50\" height=\"50\" onerror=\"if(this.src!='https:\/\/gravida.com\/wp-content\/plugins\/widget-google-reviews\/assets\/img\/guest.png')this.src='https:\/\/gravida.com\/wp-content\/plugins\/widget-google-reviews\/assets\/img\/guest.png';\" ><\/div><div class=\"rpi-flx rpi-col6\"><a href=\"https:\/\/www.google.com\/maps\/contrib\/108400495224133351339\/reviews\" class=\"wp-google-name\" target=\"_blank\" rel=\"nofollow noopener\">Albert Maym\u00f3<\/a><div class=\"wp-google-time\" data-time=\"1736503314\">10:01 10 Jan 25<\/div><\/div><\/div><span class=\"rpi-stars\" style=\"--rating:5\"><\/span><div class=\"rpi-flx rpi-col4\"><div class=\"wp-google-feedback grw-scroll\" ><\/div><\/div><svg height=\"16\" width=\"16\" role=\"none\"><use href=\"#grw-google\"\/><\/svg><\/div><\/div><div class=\"rpi-slide grw-review\"><div class=\"rpi-flx rpi-col12 grw-review-inner grw-backgnd grw-round\"><div class=\"rpi-flx rpi-row12-center\"><div class=\"grw-img-wrap\"><img decoding=\"async\" class=\"grw-img\" src=\"https:\/\/lh3.googleusercontent.com\/a-\/ALV-UjUR1ETz3zY52vNIYLkD1PwaKUtV-IgTtJ6johxLZ5iCTGqND9T2=s56-c-rp-mo-ba3-br100\" loading=\"lazy\" alt=\"Nora Sara profile picture\" width=\"50\" height=\"50\" onerror=\"if(this.src!='https:\/\/gravida.com\/wp-content\/plugins\/widget-google-reviews\/assets\/img\/guest.png')this.src='https:\/\/gravida.com\/wp-content\/plugins\/widget-google-reviews\/assets\/img\/guest.png';\" ><\/div><div class=\"rpi-flx rpi-col6\"><a href=\"https:\/\/www.google.com\/maps\/contrib\/106953149111732864766\/reviews\" class=\"wp-google-name\" target=\"_blank\" rel=\"nofollow noopener\">Nora Sara<\/a><div class=\"wp-google-time\" data-time=\"1733945245\">19:27 11 Dec 24<\/div><\/div><\/div><span class=\"rpi-stars\" style=\"--rating:5\"><\/span><div class=\"rpi-flx rpi-col4\"><div class=\"wp-google-feedback grw-scroll\" ><span class=\"wp-google-text\">&#x2665;&#xfe0f;Para todos los que leen este mensaje&#x2665;&#xfe0f;, est\u00e1n en la mejor cl\u00ednica de fertilidad de Barcelona y del mundo. Est\u00e1 ubicada en la Avenida Diagonal de Barcelona, \u200b\u200ben la planta 16 del hospital, frente al Hilton... Un consejo: \"\u00a1An\u00edmense!\".<br \/>Contacten con Mar\u00eda, No\u00e9mi, Andrea... y con todos los que se me olvidan.<br \/>TODO EL EQUIPO, incluyendo a mi doctora Carla Rojas y a mi embri\u00f3loga Ana, todos extremadamente atentos y profesionales.<br \/>Mis ojos brillaron al instante.<br \/>Estaba s\u00faper feliz despu\u00e9s de recibir la transferencia el lunes 13 de febrero de 2023.<br \/>Sent\u00ed todo despu\u00e9s (mi implantaci\u00f3n sobre las 18:20 y luego la implantaci\u00f3n el jueves por la ma\u00f1ana) y mi cavidad segu\u00eda funcionando... 5 d\u00edas despu\u00e9s de la transferencia, quer\u00eda saber si mis sensaciones eran reales. Por eso, el s\u00e1bado 18 de febrero, me hice la prueba beta a las 10:00 y el resultado lleg\u00f3 por la tarde. Estaba temblando, ten\u00eda l\u00e1grimas en los ojos con 39 UI, lo que corresponde a mi implantaci\u00f3n el jueves por la ma\u00f1ana (16 de febrero). 48 horas despu\u00e9s, el lunes 20 de febrero (ayer), me hice otro an\u00e1lisis de sangre a las 10:00 y descubr\u00ed 161 UI. &#x1f60d; \u00a1Qu\u00e9 alegr\u00eda! &#x1f929; \u00a1Por fin tengo a mi peque\u00f1o dentro de m\u00ed! Ha construido su nido, que terminar\u00e1 ma\u00f1ana, mi\u00e9rcoles 24 de febrero, a la hora de la ovulaci\u00f3n 14.<br \/><br \/>A todos, por cierto, hay un grupo en Facebook llamado \"PmetteschezGravida\". No duden en unirse.<br \/>Gravida y su equipo estar\u00e1n siempre en mi coraz\u00f3n.<br \/><br \/>Primera transferencia a los 46 a\u00f1os.<br \/><br \/>A todos: \u00a1CREA en ti mismo, pero sobre todo, hazlo con el equipo de Gravida! &#x2764;&#xfe0f; \u00a1Son adorables! Sinceramente.<br \/><br \/>Nora, tambi\u00e9n conocida como Sibel Sara<\/span><\/div><div class=\"wp-google-img\"><img decoding=\"async\" class=\"rpi-thumb\" src=\"https:\/\/lh3.googleusercontent.com\/geougc-cs\/AB3l90Cq7AzzwC2wNwMJXkewpJwwirBKkURrA8TQYeP6YM8vLE84Gsxt2FUEuRxH_F8M9UN4oSSlwduHyznchmkVUHbUnPjC7THsIeRMt3DBVYwWSjomV-u6VB8H9KIH7aNqrnwHNyqMDQ\" alt=\"Photo from customer review\" loading=\"lazy\"><img decoding=\"async\" class=\"rpi-thumb\" src=\"https:\/\/lh3.googleusercontent.com\/geougc-cs\/AB3l90A_-LJDvQAucM83YaYReZbJgCsO4UL-Yv8uQBNNnGgqoz_WUnH-VamTSIUa6GF1Bh63HexWrDdWSd6wpckX3ioPx6h2DNgM3NTiekNyx1lQOUttTlupCm6ULNyjUGjkmE8y1z9q\" alt=\"Photo from customer review\" loading=\"lazy\"><\/div><\/div><svg height=\"16\" width=\"16\" role=\"none\"><use href=\"#grw-google\"\/><\/svg><\/div><\/div><div class=\"rpi-slide grw-review\"><div class=\"rpi-flx rpi-col12 grw-review-inner grw-backgnd grw-round\"><div class=\"rpi-flx rpi-row12-center\"><div class=\"grw-img-wrap\"><img decoding=\"async\" class=\"grw-img\" src=\"https:\/\/lh3.googleusercontent.com\/a\/ACg8ocLCX9NF3QcTscw7bIiPIDmCzlWmyRucwcpnBKv1df7VX9xO_Q=s56-c-rp-mo-br100\" loading=\"lazy\" alt=\"NOEMI VALERA PASTOR profile picture\" width=\"50\" height=\"50\" onerror=\"if(this.src!='https:\/\/gravida.com\/wp-content\/plugins\/widget-google-reviews\/assets\/img\/guest.png')this.src='https:\/\/gravida.com\/wp-content\/plugins\/widget-google-reviews\/assets\/img\/guest.png';\" ><\/div><div class=\"rpi-flx rpi-col6\"><a href=\"https:\/\/www.google.com\/maps\/contrib\/110558723540929387475\/reviews\" class=\"wp-google-name\" target=\"_blank\" rel=\"nofollow noopener\">NOEMI VALERA PASTOR<\/a><div class=\"wp-google-time\" data-time=\"1733913051\">10:30 11 Dec 24<\/div><\/div><\/div><span class=\"rpi-stars\" style=\"--rating:5\"><\/span><div class=\"rpi-flx rpi-col4\"><div class=\"wp-google-feedback grw-scroll\" ><span class=\"wp-google-text\">La Dra. Laura Gomila nos ha llevado el proceso y ha sido todo muy sencillo. Laura es una profesional muy cercana y emp\u00e1tica. Ha sido muy cari\u00f1osa durante todo el proceso explicando todos los pasos de manera muy clara, cosa que se agradece, ya que entender estos procesos es fundamental para la tranquilidad de los pacientes. Muy atenta cada vez que nos surg\u00eda una duda y posteriormente preocupada e interesada por la evoluci\u00f3n del embarazo.<br \/>Deseando que todo vaya bien para poder volver a verla y presentarle a nuestro beb\u00e9 &#x1f970;<\/span><\/div><\/div><svg height=\"16\" width=\"16\" role=\"none\"><use href=\"#grw-google\"\/><\/svg><\/div><\/div><div class=\"rpi-slide grw-review\"><div class=\"rpi-flx rpi-col12 grw-review-inner grw-backgnd grw-round\"><div class=\"rpi-flx rpi-row12-center\"><div class=\"grw-img-wrap\"><img decoding=\"async\" class=\"grw-img\" src=\"https:\/\/lh3.googleusercontent.com\/a\/ACg8ocIr17zm53gLoyMGFRRd7bm34DabF81aZZd_TiHOBt6SkF3XZQ=s56-c-rp-mo-br100\" loading=\"lazy\" alt=\"cristina \u00e1lvarez profile picture\" width=\"50\" height=\"50\" onerror=\"if(this.src!='https:\/\/gravida.com\/wp-content\/plugins\/widget-google-reviews\/assets\/img\/guest.png')this.src='https:\/\/gravida.com\/wp-content\/plugins\/widget-google-reviews\/assets\/img\/guest.png';\" ><\/div><div class=\"rpi-flx rpi-col6\"><a href=\"https:\/\/www.google.com\/maps\/contrib\/104668649679611666352\/reviews\" class=\"wp-google-name\" target=\"_blank\" rel=\"nofollow noopener\">cristina \u00e1lvarez<\/a><div class=\"wp-google-time\" data-time=\"1733912566\">10:22 11 Dec 24<\/div><\/div><\/div><span class=\"rpi-stars\" style=\"--rating:5\"><\/span><div class=\"rpi-flx rpi-col4\"><div class=\"wp-google-feedback grw-scroll\" ><span class=\"wp-google-text\">Hemos hecho tratamiento con la dra. Laura Gomila y tenemos que decir que es una grand\u00edsima profesional, cercana, emp\u00e1tica, resuelve todas tus dudas con explicaciones sencillas y transmite mucha confianza. Se nota que adora su trabajo. Ha sido todo s\u00faper r\u00e1pido y sencillo.<br \/>La recomendamos 100%. Gracias por todo Laura &#x1f618;<\/span><\/div><\/div><svg height=\"16\" width=\"16\" role=\"none\"><use href=\"#grw-google\"\/><\/svg><\/div><\/div><div class=\"rpi-slide grw-review\"><div class=\"rpi-flx rpi-col12 grw-review-inner grw-backgnd grw-round\"><div class=\"rpi-flx rpi-row12-center\"><div class=\"grw-img-wrap\"><img decoding=\"async\" class=\"grw-img\" src=\"https:\/\/lh3.googleusercontent.com\/a\/ACg8ocLTB4ZYbjtIa8ZHunnCPOUZR41dmWqUt65mqX9a-uVgAZ7e1g=s128-c0x00000000-cc-rp-mo\" loading=\"lazy\" alt=\"Anna Vulart profile picture\" width=\"50\" height=\"50\" onerror=\"if(this.src!='https:\/\/gravida.com\/wp-content\/plugins\/widget-google-reviews\/assets\/img\/guest.png')this.src='https:\/\/gravida.com\/wp-content\/plugins\/widget-google-reviews\/assets\/img\/guest.png';\" ><\/div><div class=\"rpi-flx rpi-col6\"><a href=\"https:\/\/www.google.com\/maps\/contrib\/115751763558214429064\/reviews\" class=\"wp-google-name\" target=\"_blank\" rel=\"nofollow noopener\">Anna Vulart<\/a><div class=\"wp-google-time\" data-time=\"1727955069\">11:31 03 Oct 24<\/div><\/div><\/div><span class=\"rpi-stars\" style=\"--rating:5\"><\/span><div class=\"rpi-flx rpi-col4\"><div class=\"wp-google-feedback grw-scroll\" ><span class=\"wp-google-text\">Estamos muy contentas de haber hecho el tratamiento de FIV en Gravida. Veniamos de 2 a\u00f1os intentandolo en otro centro y la diferencia al empezar en Gravida ha sido abismal. Hemos visto que estudiaron nuestro caso al detalle desde el primer momento y nos han asesorado genial con cada paso a dar y se han asegurado de que todo estuviera en las mejores conficiones antes de cada paso.<br \/>En especial queremos agradecer a la Dra Galido por el trato directo con ella y a la Dra Rojas que nos atendi\u00f3 en ocasiones puntuales y nos hizo sentir igual de bien atendidas.<br \/>Ahora estamos en proceso de cumplir el sue\u00f1o que tanto llevamos esperando. GRACIAS!<\/span><\/div><\/div><svg height=\"16\" width=\"16\" role=\"none\"><use href=\"#grw-google\"\/><\/svg><\/div><\/div><div class=\"rpi-slide grw-review\"><div class=\"rpi-flx rpi-col12 grw-review-inner grw-backgnd grw-round\"><div class=\"rpi-flx rpi-row12-center\"><div class=\"grw-img-wrap\"><img decoding=\"async\" class=\"grw-img\" src=\"https:\/\/lh3.googleusercontent.com\/a\/ACg8ocKU6Pr89zG9G3iCRbELVnuVblscTbjxiWTF59mQTClR6nq4tw=s128-c0x00000000-cc-rp-mo-ba3\" loading=\"lazy\" alt=\"Cristina Guerrero profile picture\" width=\"50\" height=\"50\" onerror=\"if(this.src!='https:\/\/gravida.com\/wp-content\/plugins\/widget-google-reviews\/assets\/img\/guest.png')this.src='https:\/\/gravida.com\/wp-content\/plugins\/widget-google-reviews\/assets\/img\/guest.png';\" ><\/div><div class=\"rpi-flx rpi-col6\"><a href=\"https:\/\/www.google.com\/maps\/contrib\/113253018196595716973\/reviews\" class=\"wp-google-name\" target=\"_blank\" rel=\"nofollow noopener\">Cristina Guerrero<\/a><div class=\"wp-google-time\" data-time=\"1726122904\">06:35 12 Sep 24<\/div><\/div><\/div><span class=\"rpi-stars\" style=\"--rating:5\"><\/span><div class=\"rpi-flx rpi-col4\"><div class=\"wp-google-feedback grw-scroll\" ><span class=\"wp-google-text\">La doctora Anna Galindo humilde, sencilla , sincera, es un Angelito en la tierra, gracias a ella ser\u00e9 madre&#x1f606; adem\u00e1s sin molestias de forma natural, ni en mis sue\u00f1os habr\u00eda pensado que saldr\u00eda as\u00ed de f\u00e1cil gracias a ella y gracias al equipo humano, tanto en recepci\u00f3n como enfermer\u00eda, laboratorio etc me he sentido cuidada y mimada. Siempre agradecida equipo &#x2764;&#xfe0f; aqu\u00ed no ser\u00e1s un n\u00famero m\u00e1s &#x1f64f;&#x1f44c;&#x1f4af;<\/span><\/div><\/div><svg height=\"16\" width=\"16\" role=\"none\"><use href=\"#grw-google\"\/><\/svg><\/div><\/div><div class=\"rpi-slide grw-review\"><div class=\"rpi-flx rpi-col12 grw-review-inner grw-backgnd grw-round\"><div class=\"rpi-flx rpi-row12-center\"><div class=\"grw-img-wrap\"><img decoding=\"async\" class=\"grw-img\" src=\"https:\/\/lh3.googleusercontent.com\/a\/ACg8ocLeCSuZk9EtO8fpuB_yoIxpl5SLBjlhE5Lzs9HzANjVA-MTFg=s128-c0x00000000-cc-rp-mo\" loading=\"lazy\" alt=\"Sabine profile picture\" width=\"50\" height=\"50\" onerror=\"if(this.src!='https:\/\/gravida.com\/wp-content\/plugins\/widget-google-reviews\/assets\/img\/guest.png')this.src='https:\/\/gravida.com\/wp-content\/plugins\/widget-google-reviews\/assets\/img\/guest.png';\" ><\/div><div class=\"rpi-flx rpi-col6\"><a href=\"https:\/\/www.google.com\/maps\/contrib\/116624129503337839794\/reviews\" class=\"wp-google-name\" target=\"_blank\" rel=\"nofollow noopener\">Sabine<\/a><div class=\"wp-google-time\" data-time=\"1715865230\">13:13 16 May 24<\/div><\/div><\/div><span class=\"rpi-stars\" style=\"--rating:5\"><\/span><div class=\"rpi-flx rpi-col4\"><div class=\"wp-google-feedback grw-scroll\" ><span class=\"wp-google-text\">GRACIAS Gravida.<br \/>Despu\u00e9s de m\u00e1s de 10 a\u00f1os luchando por ser madre, llegu\u00e9 por casualidad a la web de Gravida. No me arrepiento porque hoy soy mam\u00e1 de un peque\u00f1o que tiene casi 6 meses.<br \/>Tuve un equipo muy profesional y atento. El protocolo sali\u00f3 bien a pesar de la distancia. Hubo muchos correos electr\u00f3nicos y llamadas telef\u00f3nicas pero vali\u00f3 la pena.<br \/>Mi pinchazo sali\u00f3 bien al igual que la transferencia. Estuviste atento a pesar de la barrera del idioma. Me sent\u00ed a gusto, no estresado ni ansioso.<br \/>Mi FIV funcion\u00f3 en el primer intento en su hospital. Si bien tuve que enfrentar muchos fracasos inexplicables.<br \/>Hoy redescubr\u00ed la alegr\u00eda de vivir mirando a mi hijo que me llena de felicidad.<br \/>Al tener embriones en stock estoy considerando un segundo embarazo.<br \/><br \/>Gracias a todo el equipo de Gravida. Gracias a ti gan\u00e9 mi lucha contra la vida por la vida.<br \/>Con toda mi sinceridad.<\/span><\/div><\/div><svg height=\"16\" width=\"16\" role=\"none\"><use href=\"#grw-google\"\/><\/svg><\/div><\/div><div class=\"rpi-slide grw-review\"><div class=\"rpi-flx rpi-col12 grw-review-inner grw-backgnd grw-round\"><div class=\"rpi-flx rpi-row12-center\"><div class=\"grw-img-wrap\"><img decoding=\"async\" class=\"grw-img\" src=\"https:\/\/lh3.googleusercontent.com\/a\/ACg8ocLiuNUhgp2cyszfRZJZ7gT3kmtUGXPurBD_8Ltukj1VRyIv6w=s128-c0x00000000-cc-rp-mo\" loading=\"lazy\" alt=\"Cristina Gonzalez profile picture\" width=\"50\" height=\"50\" onerror=\"if(this.src!='https:\/\/gravida.com\/wp-content\/plugins\/widget-google-reviews\/assets\/img\/guest.png')this.src='https:\/\/gravida.com\/wp-content\/plugins\/widget-google-reviews\/assets\/img\/guest.png';\" ><\/div><div class=\"rpi-flx rpi-col6\"><a href=\"https:\/\/www.google.com\/maps\/contrib\/101051205793538168423\/reviews\" class=\"wp-google-name\" target=\"_blank\" rel=\"nofollow noopener\">Cristina Gonzalez<\/a><div class=\"wp-google-time\" data-time=\"1712052531\">10:08 02 Apr 24<\/div><\/div><\/div><span class=\"rpi-stars\" style=\"--rating:5\"><\/span><div class=\"rpi-flx rpi-col4\"><div class=\"wp-google-feedback grw-scroll\" ><span class=\"wp-google-text\">Inmejorable. El Dr Armando Hernandez grand\u00edsimo profesional como todo su equipo.<\/span><\/div><\/div><svg height=\"16\" width=\"16\" role=\"none\"><use href=\"#grw-google\"\/><\/svg><\/div><\/div><div class=\"rpi-slide grw-review\"><div class=\"rpi-flx rpi-col12 grw-review-inner grw-backgnd grw-round\"><div class=\"rpi-flx rpi-row12-center\"><div class=\"grw-img-wrap\"><img decoding=\"async\" class=\"grw-img\" src=\"https:\/\/lh3.googleusercontent.com\/a-\/ALV-UjXgZPw5LDS-W9zrKLvK-WunlCHTJ52T1WLjMbfMj7kGzPH99wQ=s128-c0x00000000-cc-rp-mo-ba3\" loading=\"lazy\" alt=\"nonna bartoli blanco profile picture\" width=\"50\" height=\"50\" onerror=\"if(this.src!='https:\/\/gravida.com\/wp-content\/plugins\/widget-google-reviews\/assets\/img\/guest.png')this.src='https:\/\/gravida.com\/wp-content\/plugins\/widget-google-reviews\/assets\/img\/guest.png';\" ><\/div><div class=\"rpi-flx rpi-col6\"><a href=\"https:\/\/www.google.com\/maps\/contrib\/112609410920147266226\/reviews\" class=\"wp-google-name\" target=\"_blank\" rel=\"nofollow noopener\">nonna bartoli blanco<\/a><div class=\"wp-google-time\" data-time=\"1709837924\">18:58 07 Mar 24<\/div><\/div><\/div><span class=\"rpi-stars\" style=\"--rating:5\"><\/span><div class=\"rpi-flx rpi-col4\"><div class=\"wp-google-feedback grw-scroll\" ><span class=\"wp-google-text\">Caer en manos de la doctora Gomila es lo mejor que pod\u00eda haber pasado. Desde el primer momento supo conectar con nosotros y nos hizo sentir bien durante todo el proceso.<br \/>Ha sido un placer poder vivir ese proceso acompa\u00f1ada de ella, tanto por el trato como por la profesionalidad.<br \/>Tambi\u00e9n estamos muy agradecidos con la atenci\u00f3n recibida por parte de todo el equipo de enfermeras, embri\u00f3logas, y recepci\u00f3n.<br \/>\u00a1Much\u00edsimas gracias!<\/span><\/div><\/div><svg height=\"16\" width=\"16\" role=\"none\"><use href=\"#grw-google\"\/><\/svg><\/div><\/div><div class=\"rpi-slide grw-review\"><div class=\"rpi-flx rpi-col12 grw-review-inner grw-backgnd grw-round\"><div class=\"rpi-flx rpi-row12-center\"><div class=\"grw-img-wrap\"><img decoding=\"async\" class=\"grw-img\" src=\"https:\/\/lh3.googleusercontent.com\/a-\/ALV-UjV0XjvYSHpCJeadrRMj5IJWi_JxmSwGI5iOmGal4QBp5Wmiu9jx=s128-c0x00000000-cc-rp-mo\" loading=\"lazy\" alt=\"Patricia Palomo Fuster profile picture\" width=\"50\" height=\"50\" onerror=\"if(this.src!='https:\/\/gravida.com\/wp-content\/plugins\/widget-google-reviews\/assets\/img\/guest.png')this.src='https:\/\/gravida.com\/wp-content\/plugins\/widget-google-reviews\/assets\/img\/guest.png';\" ><\/div><div class=\"rpi-flx rpi-col6\"><a href=\"https:\/\/www.google.com\/maps\/contrib\/112016554371727167889\/reviews\" class=\"wp-google-name\" target=\"_blank\" rel=\"nofollow noopener\">Patricia Palomo Fuster<\/a><div class=\"wp-google-time\" data-time=\"1707773818\">21:36 12 Feb 24<\/div><\/div><\/div><span class=\"rpi-stars\" style=\"--rating:5\"><\/span><div class=\"rpi-flx rpi-col4\"><div class=\"wp-google-feedback grw-scroll\" ><\/div><\/div><svg height=\"16\" width=\"16\" role=\"none\"><use href=\"#grw-google\"\/><\/svg><\/div><\/div><div class=\"rpi-slide grw-review\"><div class=\"rpi-flx rpi-col12 grw-review-inner grw-backgnd grw-round\"><div class=\"rpi-flx rpi-row12-center\"><div class=\"grw-img-wrap\"><img decoding=\"async\" class=\"grw-img\" src=\"https:\/\/lh3.googleusercontent.com\/a-\/ALV-UjVjY_sgteMCrBVjN0ed7dHMPCOVa5Bkc77YJCaANM7lBwdLrnFQNQ=s128-c0x00000000-cc-rp-mo\" loading=\"lazy\" alt=\"Linda Mejia profile picture\" width=\"50\" height=\"50\" onerror=\"if(this.src!='https:\/\/gravida.com\/wp-content\/plugins\/widget-google-reviews\/assets\/img\/guest.png')this.src='https:\/\/gravida.com\/wp-content\/plugins\/widget-google-reviews\/assets\/img\/guest.png';\" ><\/div><div class=\"rpi-flx rpi-col6\"><a href=\"https:\/\/www.google.com\/maps\/contrib\/101637127682342138926\/reviews\" class=\"wp-google-name\" target=\"_blank\" rel=\"nofollow noopener\">Linda Mejia<\/a><div class=\"wp-google-time\" data-time=\"1705334097\">15:54 15 Jan 24<\/div><\/div><\/div><span class=\"rpi-stars\" style=\"--rating:5\"><\/span><div class=\"rpi-flx rpi-col4\"><div class=\"wp-google-feedback grw-scroll\" ><span class=\"wp-google-text\">Muy agradecida con el centro Gravida,  por ser tan profesionales y  sobre todo a mi querida Doctora Galindo por hacer que mis sue\u00f1os se hicieran realidad,  despu\u00e9s de haber vivido una estafa  en una clinica de fertilidad ya habia perdido las esperanzas,  pero haber encontrado ah Gravida y  sobre todo a la Doctora Galindo fue lo mejor que  nos pudo pasar a mi marido y a m\u00ed,  son muy responsable, profesionales y sobre<br \/>todo unas personas excelente.  Yo estoy<br \/>mega feliz. No hay palabras para agradecerle este regalo a mi Dios, a  Gravida  y ami bb por escogerme. Full recomiendo la cl\u00ednica Gravida<\/span><\/div><\/div><svg height=\"16\" width=\"16\" role=\"none\"><use href=\"#grw-google\"\/><\/svg><\/div><\/div><div class=\"rpi-slide grw-review\"><div class=\"rpi-flx rpi-col12 grw-review-inner grw-backgnd grw-round\"><div class=\"rpi-flx rpi-row12-center\"><div class=\"grw-img-wrap\"><img decoding=\"async\" class=\"grw-img\" src=\"https:\/\/lh3.googleusercontent.com\/a\/ACg8ocKVW4wXAGGcDnlyh-hR0EFhX3JMjqMYNFmsvL8PEPRAWE9KTA=s128-c0x00000000-cc-rp-mo\" loading=\"lazy\" alt=\"Ester Marquez profile picture\" width=\"50\" height=\"50\" onerror=\"if(this.src!='https:\/\/gravida.com\/wp-content\/plugins\/widget-google-reviews\/assets\/img\/guest.png')this.src='https:\/\/gravida.com\/wp-content\/plugins\/widget-google-reviews\/assets\/img\/guest.png';\" ><\/div><div class=\"rpi-flx rpi-col6\"><a href=\"https:\/\/www.google.com\/maps\/contrib\/107202415928241520778\/reviews\" class=\"wp-google-name\" target=\"_blank\" rel=\"nofollow noopener\">Ester Marquez<\/a><div class=\"wp-google-time\" data-time=\"1685441880\">10:18 30 May 23<\/div><\/div><\/div><span class=\"rpi-stars\" style=\"--rating:5\"><\/span><div class=\"rpi-flx rpi-col4\"><div class=\"wp-google-feedback grw-scroll\" ><span class=\"wp-google-text\">Desde el primer dia que fuimos a Gravida con mi pareja, sentimos una tranquilidad y una confianza ciega en todo el equipo, en especial a la dra.Laura Gomila, estamos esperando nuestro primer beb\u00e9, hicimos una Fiv y con toda la dedicaci\u00f3n de la clinica lo conseguimos a la primera, solo nos queda dar las gracias a todos, desde la atenci\u00f3n al cliente que s\u00f3n super amables, enfermer@s, embriolgas...un equipo fantastico!!<br \/>Muy agradecidos con todos!<\/span><\/div><\/div><svg height=\"16\" width=\"16\" role=\"none\"><use href=\"#grw-google\"\/><\/svg><\/div><\/div><div class=\"rpi-slide grw-review\"><div class=\"rpi-flx rpi-col12 grw-review-inner grw-backgnd grw-round\"><div class=\"rpi-flx rpi-row12-center\"><div class=\"grw-img-wrap\"><img decoding=\"async\" class=\"grw-img\" src=\"https:\/\/lh3.googleusercontent.com\/a-\/ALV-UjWrJttE9nwjm3q_KdHNtWqXixdEsXHMfB9VCuJAsvGL21kQSUwa=s128-c0x00000000-cc-rp-mo\" loading=\"lazy\" alt=\"layla profile picture\" width=\"50\" height=\"50\" onerror=\"if(this.src!='https:\/\/gravida.com\/wp-content\/plugins\/widget-google-reviews\/assets\/img\/guest.png')this.src='https:\/\/gravida.com\/wp-content\/plugins\/widget-google-reviews\/assets\/img\/guest.png';\" ><\/div><div class=\"rpi-flx rpi-col6\"><a href=\"https:\/\/www.google.com\/maps\/contrib\/102171939286637669054\/reviews\" class=\"wp-google-name\" target=\"_blank\" rel=\"nofollow noopener\">layla<\/a><div class=\"wp-google-time\" data-time=\"1681996569\">13:16 20 Apr 23<\/div><\/div><\/div><span class=\"rpi-stars\" style=\"--rating:5\"><\/span><div class=\"rpi-flx rpi-col4\"><div class=\"wp-google-feedback grw-scroll\" ><span class=\"wp-google-text\">Cuando uno se plantea ir a una cl\u00ednica de fertilidad son muchos los miedos y las incertidumbres con las que va. Yo y mi pareja solo tenemos buenas palabras para Gravida.<br \/>Realizamos una fiv y durante todo el proceso se nos explico claramente en que consist\u00eda el proceso, y sobretodo fueron realistas con los porcentajes de \u00e9xito. Nos sentimos bien asesorados y acompa\u00f1ados.<br \/>Todo el personal es muy profesional, queremos agradecer especialmente a la doctora Gomila. Esperamos poder ir a presentarte a nuestro beb\u00e9.<\/span><\/div><\/div><svg height=\"16\" width=\"16\" role=\"none\"><use href=\"#grw-google\"\/><\/svg><\/div><\/div><div class=\"rpi-slide grw-review\"><div class=\"rpi-flx rpi-col12 grw-review-inner grw-backgnd grw-round\"><div class=\"rpi-flx rpi-row12-center\"><div class=\"grw-img-wrap\"><img decoding=\"async\" class=\"grw-img\" src=\"https:\/\/lh3.googleusercontent.com\/a\/ACg8ocLakk-9LVxYs6Uaei9rHjKeFLo3cJaJ0u1Ylbx7AwTBEGpv=s128-c0x00000000-cc-rp-mo\" loading=\"lazy\" alt=\"ANA BELEN VILLENA profile picture\" width=\"50\" height=\"50\" onerror=\"if(this.src!='https:\/\/gravida.com\/wp-content\/plugins\/widget-google-reviews\/assets\/img\/guest.png')this.src='https:\/\/gravida.com\/wp-content\/plugins\/widget-google-reviews\/assets\/img\/guest.png';\" ><\/div><div class=\"rpi-flx rpi-col6\"><a href=\"https:\/\/www.google.com\/maps\/contrib\/105023750086680567299\/reviews\" class=\"wp-google-name\" target=\"_blank\" rel=\"nofollow noopener\">ANA BELEN VILLENA<\/a><div class=\"wp-google-time\" data-time=\"1679736795\">09:33 25 Mar 23<\/div><\/div><\/div><span class=\"rpi-stars\" style=\"--rating:5\"><\/span><div class=\"rpi-flx rpi-col4\"><div class=\"wp-google-feedback grw-scroll\" ><span class=\"wp-google-text\">Mi pareja y yo hemos realizado un tratamiento ROPA en Gravida y estamos encantadas. Gracias a la Dra. Gomila estamos embarazadas y estamos cumpliendo nuestro deseo de ser madres. Desde la primera visita hasta el final del proceso hemos estado atendidas en todo momento, tanto por la doctora c\u00f3mo por el resto del equipo del centro. Y sobre todo quiero destacar el buen hacer de la Dra. Gomila, a parte de ser una excelente profesional es una persona maravillosa, atenta, cercana, cari\u00f1osa y que empatiza con los clientes. Estamos muy agradecidas y el trato ha sido inmejorable.<\/span><\/div><\/div><svg height=\"16\" width=\"16\" role=\"none\"><use href=\"#grw-google\"\/><\/svg><\/div><\/div><div class=\"rpi-slide grw-review\"><div class=\"rpi-flx rpi-col12 grw-review-inner grw-backgnd grw-round\"><div class=\"rpi-flx rpi-row12-center\"><div class=\"grw-img-wrap\"><img decoding=\"async\" class=\"grw-img\" src=\"https:\/\/lh3.googleusercontent.com\/a-\/ALV-UjXM7SulAdUh425_w1p4x6eF4HGGjmscAQsfVX8O7b8ACemcJxk=s128-c0x00000000-cc-rp-mo\" loading=\"lazy\" alt=\"Roc\u00edo profile picture\" width=\"50\" height=\"50\" onerror=\"if(this.src!='https:\/\/gravida.com\/wp-content\/plugins\/widget-google-reviews\/assets\/img\/guest.png')this.src='https:\/\/gravida.com\/wp-content\/plugins\/widget-google-reviews\/assets\/img\/guest.png';\" ><\/div><div class=\"rpi-flx rpi-col6\"><a href=\"https:\/\/www.google.com\/maps\/contrib\/115030323741640227716\/reviews\" class=\"wp-google-name\" target=\"_blank\" rel=\"nofollow noopener\">Roc\u00edo<\/a><div class=\"wp-google-time\" data-time=\"1677315225\">08:53 25 Feb 23<\/div><\/div><\/div><span class=\"rpi-stars\" style=\"--rating:5\"><\/span><div class=\"rpi-flx rpi-col4\"><div class=\"wp-google-feedback grw-scroll\" ><span class=\"wp-google-text\">Nunca podr\u00e9 expresar con palabras lo agradecida que estoy a TODO el equipo de Gr\u00e1vida, desde las administrativas hasta el maravilloso personal de laboratorio (que aunque no les vemos la cara son una parte indispensable del proceso) pasando por supuesto por mi doctora, la Dra. Carla Rojas, quien ha hecho posible que est\u00e9 en camino de cumplir mi sue\u00f1o. Llegu\u00e9 a Gr\u00e1vida tras varios tratamientos fallidos en otra cl\u00ednica para ser madre soltera. La Dra. Rojas valor\u00f3 mi caso, profundiz\u00f3 para ver si consegu\u00edamos m\u00e1s datos y me propuso tratamiento. Siempre me hablo con sinceridad, con probabilidades reales pero anim\u00e1ndome a ir poco a poco pero a por todas. El trato fue inmejorable, con todo el temor que ten\u00eda por empezar otro tratamiento que pudiese fallar ella siempre estuvo muy pendiente de cada paso para poder tomar juntas la mejor decisi\u00f3n, incluso parar si era necesario, y siempre me hizo part\u00edcipe de ello, lo que me dio mucha tranquilidad. Siempre ser atendida por mi doctora, en todos los controles es algo que puede parecer insignificante pero cuando las cosas se complican o el caso es delicado es muy importante que te miren siempre los mismos ojos, que son los que conocen todos tu historial. Finalmente obtuvimos el mejor resultado, m\u00e1s de lo que pod\u00eda imaginar. 4 embriones euploides y embarazo a la primera transfer. Ahora estoy de 9 semanas, espero que todo vaya bien y pronto pueda ir a presentarle a mi beb\u00e9 a la doctora que lo hizo posible. Evidentemente recomiendo la cl\u00ednica 100%, no solo por el buen resultado, sino por el trato, la sinceridad, la profesionalidad.<\/span><\/div><\/div><svg height=\"16\" width=\"16\" role=\"none\"><use href=\"#grw-google\"\/><\/svg><\/div><\/div><\/div><button class=\"rpi-ltgt rpi-gt grw-next\" tabindex=\"0\"><\/button><\/div><\/div><\/div><script>(function(p){if(!p)return;let w=p.offsetWidth,m=function(a,b){return Math.min(a,b)===a};p.querySelector('.grw-row').classList.replace('grw-row-m','grw-row-'+(m(w,510)?'xs':m(w,750)?'x':m(w,1100)?'s':m(w,1450)?'m':m(w,1800)?'l':'xl'))})(document.currentScript?.parentElement)<\/script><\/div>\n<\/div>\n<\/div>\n<\/div>\n\n\n\n<div class=\"wp-block-column right-princpal is-layout-flow wp-block-column-is-layout-flow\" style=\"flex-basis:20%\">\n<div class=\"wp-block-group scroll trat has-base-background-color has-text-color has-background has-link-color wp-elements-9def63568a8afe00695154e0fd2706bd has-global-padding is-layout-constrained wp-container-core-group-is-layout-8303244c wp-block-group-is-layout-constrained wp-container-2 is-position-sticky\" style=\"border-radius:9px;color:#803834;margin-top:var(--wp--preset--spacing--20);margin-bottom:var(--wp--preset--spacing--20);padding-top:var(--wp--preset--spacing--10);padding-right:var(--wp--preset--spacing--10);padding-bottom:var(--wp--preset--spacing--10);padding-left:var(--wp--preset--spacing--10)\">\n<p class=\"has-accent-2-color has-text-color has-link-color wp-elements-fc00b0b9c6c1a703846d9df383322c81\" style=\"margin-bottom:var(--wp--preset--spacing--20)\"><strong>Demander une premi\u00e8re visite gratuite<\/strong><\/p>\n\n\n\n<div class=\"wpcf7 no-js\" id=\"wpcf7-f30961-o1\" lang=\"fr-FR\" dir=\"ltr\" data-wpcf7-id=\"30961\">\n<div class=\"screen-reader-response\"><p role=\"status\" aria-live=\"polite\" aria-atomic=\"true\"><\/p> <ul><\/ul><\/div>\n<form action=\"\/fr\/wp-json\/wp\/v2\/pages\/30996#wpcf7-f30961-o1\" method=\"post\" class=\"wpcf7-form init\" aria-label=\"Formulaire de contact\" novalidate=\"novalidate\" data-status=\"init\">\n<fieldset class=\"hidden-fields-container\"><input type=\"hidden\" name=\"_wpcf7\" value=\"30961\" \/><input type=\"hidden\" name=\"_wpcf7_version\" value=\"6.1.5\" \/><input type=\"hidden\" name=\"_wpcf7_locale\" value=\"fr_FR\" \/><input type=\"hidden\" name=\"_wpcf7_unit_tag\" value=\"wpcf7-f30961-o1\" \/><input type=\"hidden\" name=\"_wpcf7_container_post\" value=\"0\" \/><input type=\"hidden\" name=\"_wpcf7_posted_data_hash\" value=\"\" \/><input type=\"hidden\" name=\"_wpcf7dtx_version\" value=\"5.0.5\" \/>\n<\/fieldset>\n<style>\nul.conditions {padding-left:15px}\nul.conditions li{list-style:number;font-size: 1rem;}\n<\/style>\n<ul class=\"conditions\">\n\t<li>\n\t\t<p>Visite chez le m\u00e9decin sp\u00e9cialiste\n\t\t<\/p>\n\t<\/li>\n\t<li class=\"has-tooltip\" data-tooltip=\"Una evaluaci\u00f3n de la reserva ov\u00e1rica y un seminograma en casos de pareja masculina.\">\n\t\t<p>\u00c9tude sur la fertilit\u00e9\n\t\t<\/p>\n\t<\/li>\n\t<li>\n\t\t<p>Visite m\u00e9dicale pour les r\u00e9sultats et l'orientation diagnostique\n\t\t<\/p>\n\t<\/li>\n<\/ul>\n<div class=\"formpro\">\n\t<div class=\"full\">\n\t\t<p><span class=\"wpcf7-form-control-wrap\" data-name=\"your-name\"><input size=\"40\" maxlength=\"400\" class=\"wpcf7-form-control wpcf7-text wpcf7-validates-as-required\" aria-required=\"true\" aria-invalid=\"false\" placeholder=\"Pr\u00e9nom et nom de famille\" value=\"\" type=\"text\" name=\"your-name\" \/><\/span><br \/>\n<span class=\"wpcf7-form-control-wrap\" data-name=\"telefono\"><input size=\"40\" maxlength=\"400\" class=\"wpcf7-form-control wpcf7-tel wpcf7-validates-as-required wpcf7-text wpcf7-validates-as-tel\" aria-required=\"true\" aria-invalid=\"false\" placeholder=\"Telephone\" value=\"\" type=\"tel\" name=\"telefono\" \/><\/span><br \/>\n<span class=\"wpcf7-form-control-wrap\" data-name=\"your-email\"><input size=\"40\" maxlength=\"400\" class=\"wpcf7-form-control wpcf7-email wpcf7-validates-as-required wpcf7-text wpcf7-validates-as-email\" aria-required=\"true\" aria-invalid=\"false\" placeholder=\"Email\" value=\"\" type=\"email\" name=\"your-email\" \/><\/span><br \/>\n<span class=\"wpcf7-form-control-wrap\" data-name=\"textarea\"><textarea cols=\"40\" rows=\"10\" maxlength=\"2000\" class=\"wpcf7-form-control wpcf7-textarea\" aria-invalid=\"false\" placeholder=\"Commentaire\" name=\"textarea\"><\/textarea><\/span><br \/>\n\t\t<span class=\"wpcf7-form-control-wrap webpro\" data-name=\"webpro\"><input type=\"hidden\" name=\"webpro\" class=\"wpcf7-form-control wpcf7-hidden wpcf7dtx wpcf7dtx-hidden\" aria-invalid=\"false\" value=\"R\u00e9ception des ovocytes\"><\/span>\n\t\t<\/p>\n\t\t<div class=\"legal\">\n\t\t\t<p><span class=\"wpcf7-form-control-wrap\" data-name=\"acceptance-201\"><span class=\"wpcf7-form-control wpcf7-acceptance\"><span class=\"wpcf7-list-item\"><label><input type=\"checkbox\" name=\"acceptance-201\" value=\"1\" aria-invalid=\"false\" \/><span class=\"wpcf7-list-item-label\">J'accepte les conditions d'<button type=\"button\" style=\"border:0;background:transparent;\" id=\"show-privacy-modal\">utilisation et la politique de confidentialit\u00e9.<\/button><\/span><\/label><\/span><\/span><\/span><br \/>\n<input type=\"hidden\" id=\"gclid_field\" name=\"gclid_field\" value=\"\" \/>\n\t\t\t<\/p>\n\t\t<\/div>\n\t\t<div class=\"buttonsend\">\n\t\t\t<p><input class=\"wpcf7-form-control wpcf7-submit has-spinner wp-block-button__link\" type=\"submit\" value=\"Envoyer\" \/>\n\t\t\t<\/p>\n\t\t<\/div>\n\t<\/div>\n<\/div>\n<div id=\"privacy-modal\" style=\"display:none; position:fixed; z-index:9999; left:0; top:0; width:100vw; height:100vh; background:rgba(0,0,0,0.6);\">\n\t<div style=\"background:#fff; max-width:500px; margin:80px auto; padding:30px; border-radius:12px; position:relative;\">\n\t\t<p><button id=\"close-privacy-modal\" style=\"position:absolute; top:10px; right:16px; font-size:20px; background:none; border:none; cursor:pointer;\">\u00d7<\/button>\n\t\t<\/p>\n\t\t<h4 class=\"h2\">Politique de confidentialit\u00e9 (r\u00e9sum\u00e9)\n\t\t<\/h4>\n\t\t<p><br \/>\nChez Gravida, nous prot\u00e9geons vos donn\u00e9es personnelles conform\u00e9ment au GDPR et \u00e0 la l\u00e9gislation en vigueur. Vos donn\u00e9es ne seront utilis\u00e9es que pour r\u00e9pondre \u00e0 votre demande et ne seront pas partag\u00e9es avec des tiers. Vous pouvez exercer vos droits d'acc\u00e8s, de rectification et de suppression en \u00e9crivant \u00e0 gravida@gravidabcn.com.<br \/>\n<a href=\"\/politica-privacidad\" target=\"_blank\" rel=\"noopener\">Voir la politique compl\u00e8te<\/a>\n\t\t<\/p>\n\t<\/div>\n<\/div><div class=\"wpcf7-response-output\" aria-hidden=\"true\"><\/div>\n<\/form>\n<\/div>\n\n<\/div>\n<\/div>\n<\/div>\n\n\n\n<div class=\"wp-block-group alignfull nomovil formulario has-base-background-color has-background has-global-padding is-layout-constrained wp-container-core-group-is-layout-b673cb31 wp-block-group-is-layout-constrained\" style=\"margin-top:0;margin-bottom:0;padding-top:var(--wp--preset--spacing--30);padding-right:var(--wp--preset--spacing--50);padding-bottom:var(--wp--preset--spacing--30);padding-left:var(--wp--preset--spacing--50)\">\n<div class=\"wp-block-columns alignwide are-vertically-aligned-center is-layout-flex wp-container-core-columns-is-layout-1da03c2a wp-block-columns-is-layout-flex\">\n<div class=\"wp-block-column is-vertically-aligned-center is-layout-flow wp-block-column-is-layout-flow\" style=\"flex-basis:60%\">\n<div class=\"wp-block-cover aligncenter is-light has-custom-content-position is-position-top-left\" style=\"border-radius:20px;min-height:679px;aspect-ratio:unset;\"><img loading=\"lazy\" decoding=\"async\" width=\"1536\" height=\"864\" class=\"wp-block-cover__image-background wp-image-18094\" alt=\"\" src=\"https:\/\/gravida.com\/wp-content\/uploads\/2023\/09\/Dra-Galindo-en-consulta-II.jpg\" style=\"object-position:46% 54%\" data-object-fit=\"cover\" data-object-position=\"46% 54%\" srcset=\"https:\/\/gravida.com\/wp-content\/uploads\/2023\/09\/Dra-Galindo-en-consulta-II.jpg 1536w, https:\/\/gravida.com\/wp-content\/uploads\/2023\/09\/Dra-Galindo-en-consulta-II-300x169.jpg 300w, https:\/\/gravida.com\/wp-content\/uploads\/2023\/09\/Dra-Galindo-en-consulta-II-1024x576.jpg 1024w, https:\/\/gravida.com\/wp-content\/uploads\/2023\/09\/Dra-Galindo-en-consulta-II-768x432.jpg 768w, https:\/\/gravida.com\/wp-content\/uploads\/2023\/09\/Dra-Galindo-en-consulta-II-18x10.jpg 18w\" sizes=\"auto, (max-width: 1536px) 100vw, 1536px\" \/><span aria-hidden=\"true\" class=\"wp-block-cover__background has-background-dim-0 has-background-dim\" style=\"background-color:#afafb1\"><\/span><div class=\"wp-block-cover__inner-container is-layout-flow wp-block-cover-is-layout-flow\">\n<p class=\"has-text-align-center has-large-font-size\"><\/p>\n<\/div><\/div>\n<\/div>\n\n\n\n<div class=\"wp-block-column is-vertically-aligned-center is-layout-flow wp-block-column-is-layout-flow\" style=\"flex-basis:40%\">\n<h4 class=\"wp-block-heading alignwide has-text-align-left has-x-large-font-size\" style=\"margin-top:0;margin-right:0;margin-bottom:0;padding-top:var(--wp--preset--spacing--20);padding-right:0;padding-bottom:var(--wp--preset--spacing--20);padding-left:0\">Demander une premi\u00e8re visite gratuite<\/h4>\n\n\n\n<div class=\"wp-block-contact-form-7-contact-form-selector\">\n<div class=\"wpcf7 no-js\" id=\"wpcf7-f30961-o2\" lang=\"fr-FR\" dir=\"ltr\" data-wpcf7-id=\"30961\">\n<div class=\"screen-reader-response\"><p role=\"status\" aria-live=\"polite\" aria-atomic=\"true\"><\/p> <ul><\/ul><\/div>\n<form action=\"\/fr\/wp-json\/wp\/v2\/pages\/30996#wpcf7-f30961-o2\" method=\"post\" class=\"wpcf7-form init\" aria-label=\"Formulaire de contact\" novalidate=\"novalidate\" data-status=\"init\">\n<fieldset class=\"hidden-fields-container\"><input type=\"hidden\" name=\"_wpcf7\" value=\"30961\" \/><input type=\"hidden\" name=\"_wpcf7_version\" value=\"6.1.5\" \/><input type=\"hidden\" name=\"_wpcf7_locale\" value=\"fr_FR\" \/><input type=\"hidden\" name=\"_wpcf7_unit_tag\" value=\"wpcf7-f30961-o2\" \/><input type=\"hidden\" name=\"_wpcf7_container_post\" value=\"0\" \/><input type=\"hidden\" name=\"_wpcf7_posted_data_hash\" value=\"\" \/><input type=\"hidden\" name=\"_wpcf7dtx_version\" value=\"5.0.5\" \/>\n<\/fieldset>\n<style>\nul.conditions {padding-left:15px}\nul.conditions li{list-style:number;font-size: 1rem;}\n<\/style>\n<ul class=\"conditions\">\n\t<li>\n\t\t<p>Visite chez le m\u00e9decin sp\u00e9cialiste\n\t\t<\/p>\n\t<\/li>\n\t<li class=\"has-tooltip\" data-tooltip=\"Una evaluaci\u00f3n de la reserva ov\u00e1rica y un seminograma en casos de pareja masculina.\">\n\t\t<p>\u00c9tude sur la fertilit\u00e9\n\t\t<\/p>\n\t<\/li>\n\t<li>\n\t\t<p>Visite m\u00e9dicale pour les r\u00e9sultats et l'orientation diagnostique\n\t\t<\/p>\n\t<\/li>\n<\/ul>\n<div class=\"formpro\">\n\t<div class=\"full\">\n\t\t<p><span class=\"wpcf7-form-control-wrap\" data-name=\"your-name\"><input size=\"40\" maxlength=\"400\" class=\"wpcf7-form-control wpcf7-text wpcf7-validates-as-required\" aria-required=\"true\" aria-invalid=\"false\" placeholder=\"Pr\u00e9nom et nom de famille\" value=\"\" type=\"text\" name=\"your-name\" \/><\/span><br \/>\n<span class=\"wpcf7-form-control-wrap\" data-name=\"telefono\"><input size=\"40\" maxlength=\"400\" class=\"wpcf7-form-control wpcf7-tel wpcf7-validates-as-required wpcf7-text wpcf7-validates-as-tel\" aria-required=\"true\" aria-invalid=\"false\" placeholder=\"Telephone\" value=\"\" type=\"tel\" name=\"telefono\" \/><\/span><br \/>\n<span class=\"wpcf7-form-control-wrap\" data-name=\"your-email\"><input size=\"40\" maxlength=\"400\" class=\"wpcf7-form-control wpcf7-email wpcf7-validates-as-required wpcf7-text wpcf7-validates-as-email\" aria-required=\"true\" aria-invalid=\"false\" placeholder=\"Email\" value=\"\" type=\"email\" name=\"your-email\" \/><\/span><br \/>\n<span class=\"wpcf7-form-control-wrap\" data-name=\"textarea\"><textarea cols=\"40\" rows=\"10\" maxlength=\"2000\" class=\"wpcf7-form-control wpcf7-textarea\" aria-invalid=\"false\" placeholder=\"Commentaire\" name=\"textarea\"><\/textarea><\/span><br \/>\n\t\t<span class=\"wpcf7-form-control-wrap webpro\" data-name=\"webpro\"><input type=\"hidden\" name=\"webpro\" class=\"wpcf7-form-control wpcf7-hidden wpcf7dtx wpcf7dtx-hidden\" aria-invalid=\"false\" value=\"R\u00e9ception des ovocytes\"><\/span>\n\t\t<\/p>\n\t\t<div class=\"legal\">\n\t\t\t<p><span class=\"wpcf7-form-control-wrap\" data-name=\"acceptance-201\"><span class=\"wpcf7-form-control wpcf7-acceptance\"><span class=\"wpcf7-list-item\"><label><input type=\"checkbox\" name=\"acceptance-201\" value=\"1\" aria-invalid=\"false\" \/><span class=\"wpcf7-list-item-label\">J'accepte les conditions d'<button type=\"button\" style=\"border:0;background:transparent;\" id=\"show-privacy-modal\">utilisation et la politique de confidentialit\u00e9.<\/button><\/span><\/label><\/span><\/span><\/span><br \/>\n<input type=\"hidden\" id=\"gclid_field\" name=\"gclid_field\" value=\"\" \/>\n\t\t\t<\/p>\n\t\t<\/div>\n\t\t<div class=\"buttonsend\">\n\t\t\t<p><input class=\"wpcf7-form-control wpcf7-submit has-spinner wp-block-button__link\" type=\"submit\" value=\"Envoyer\" \/>\n\t\t\t<\/p>\n\t\t<\/div>\n\t<\/div>\n<\/div>\n<div id=\"privacy-modal\" style=\"display:none; position:fixed; z-index:9999; left:0; top:0; width:100vw; height:100vh; background:rgba(0,0,0,0.6);\">\n\t<div style=\"background:#fff; max-width:500px; margin:80px auto; padding:30px; border-radius:12px; position:relative;\">\n\t\t<p><button id=\"close-privacy-modal\" style=\"position:absolute; top:10px; right:16px; font-size:20px; background:none; border:none; cursor:pointer;\">\u00d7<\/button>\n\t\t<\/p>\n\t\t<h4 class=\"h2\">Politique de confidentialit\u00e9 (r\u00e9sum\u00e9)\n\t\t<\/h4>\n\t\t<p><br \/>\nChez Gravida, nous prot\u00e9geons vos donn\u00e9es personnelles conform\u00e9ment au GDPR et \u00e0 la l\u00e9gislation en vigueur. Vos donn\u00e9es ne seront utilis\u00e9es que pour r\u00e9pondre \u00e0 votre demande et ne seront pas partag\u00e9es avec des tiers. Vous pouvez exercer vos droits d'acc\u00e8s, de rectification et de suppression en \u00e9crivant \u00e0 gravida@gravidabcn.com.<br \/>\n<a href=\"\/politica-privacidad\" target=\"_blank\" rel=\"noopener\">Voir la politique compl\u00e8te<\/a>\n\t\t<\/p>\n\t<\/div>\n<\/div><div class=\"wpcf7-response-output\" aria-hidden=\"true\"><\/div>\n<\/form>\n<\/div>\n<\/div>\n<\/div>\n<\/div>\n<\/div>\n\n\n\n<div class=\"wp-block-group alignwide swiper-container tratamientos-adicionales has-global-padding is-layout-constrained wp-block-group-is-layout-constrained\" style=\"margin-bottom:0;padding-top:var(--wp--preset--spacing--20);padding-bottom:var(--wp--preset--spacing--20)\">\n<div class=\"wp-block-group alignwide swiper-container has-global-padding is-layout-constrained wp-block-group-is-layout-constrained\" style=\"margin-bottom:0;padding-top:var(--wp--preset--spacing--20);padding-bottom:var(--wp--preset--spacing--20)\">\n<h4 class=\"wp-block-heading alignwide has-text-align-left has-x-large-font-size\">Plus de traitements de fertilit\u00e9 et de reproduction assist\u00e9e<\/h4>\n\n\n\n<div style=\"height:15px;width:0px\" aria-hidden=\"true\" class=\"wp-block-spacer\"><\/div>\n\n\n\n<div class=\"alignwide wp-swiper alignwide\"><div class=\"wp-swiper__wrapper\"><div class=\"swiper-container swiper\" data-swiper=\"{&quot;slidesPerView&quot;:1,&quot;slidesPerGroup&quot;:1,&quot;slidesPerGroupAuto&quot;:false,&quot;slidesPerGroupSkip&quot;:0,&quot;navigation&quot;:true,&quot;pagination&quot;:{&quot;type&quot;:&quot;bullets&quot;},&quot;delay&quot;:3000,&quot;speed&quot;:500,&quot;loop&quot;:false,&quot;direction&quot;:&quot;horizontal&quot;,&quot;slidesOffsetBefore&quot;:0,&quot;slidesOffsetAfter&quot;:0,&quot;autoHeight&quot;:true,&quot;spaceBetween&quot;:15,&quot;releaseOnEdges&quot;:false,&quot;effect&quot;:&quot;slide&quot;,&quot;breakpoints&quot;:&quot;{\\&quot;768\\&quot;:{\\&quot;slidesPerView\\&quot;:4}}&quot;}\"><div class=\"swiper-wrapper\">\n<div data-tab=\"slide-1\" class=\"wp-swiper__slide swiper-slide\"><div class=\"wp-swiper__overlay-color\" style=\"background-color:rgba(0, 0, 0, 0)\"><\/div><div class=\"wp-swiper__slide-content\">\n<div class=\"wp-block-cover is-light zoom wp-duotone-unset-3\" style=\"border-radius:9px\"><img loading=\"lazy\" decoding=\"async\" width=\"1600\" height=\"1066\" class=\"wp-block-cover__image-background wp-image-25446\" alt=\"\" src=\"https:\/\/gravida.com\/wp-content\/uploads\/2024\/06\/home-portada.webp\" style=\"object-position:69% 46%\" data-object-fit=\"cover\" data-object-position=\"69% 46%\" srcset=\"https:\/\/gravida.com\/wp-content\/uploads\/2024\/06\/home-portada.webp 1600w, https:\/\/gravida.com\/wp-content\/uploads\/2024\/06\/home-portada-300x200.webp 300w, https:\/\/gravida.com\/wp-content\/uploads\/2024\/06\/home-portada-1024x682.webp 1024w, https:\/\/gravida.com\/wp-content\/uploads\/2024\/06\/home-portada-768x512.webp 768w, https:\/\/gravida.com\/wp-content\/uploads\/2024\/06\/home-portada-1536x1023.webp 1536w\" sizes=\"auto, (max-width: 1600px) 100vw, 1600px\" \/><span aria-hidden=\"true\" class=\"wp-block-cover__background has-base-background-color has-background-dim\"><\/span><div class=\"wp-block-cover__inner-container is-layout-flow wp-block-cover-is-layout-flow\">\n<h4 class=\"wp-block-heading has-text-align-center card-link has-large-font-size\" style=\"padding-right:var(--wp--preset--spacing--20);padding-left:var(--wp--preset--spacing--20)\"><a href=\"https:\/\/gravida.com\/fr\/procreation-medicalement-assistee\/insemination-artificielle\/\"><strong>F\u00e9condation in vitro<\/strong><\/a><\/h4>\n\n\n\n<div class=\"wp-block-buttons is-content-justification-center is-layout-flex wp-container-core-buttons-is-layout-d08612c8 wp-block-buttons-is-layout-flex\" style=\"margin-top:50%\">\n<div class=\"wp-block-button\"><a class=\"wp-block-button__link has-text-align-center wp-element-button\">Voir le traitement<!--<\/div--><\/a><\/div>\n<\/div>\n<\/div><\/div>\n<\/div><\/div>\n\n\n\n<div data-tab=\"slide-2\" class=\"wp-swiper__slide swiper-slide\"><div class=\"wp-swiper__overlay-color\" style=\"background-color:rgba(0, 0, 0, 0)\"><\/div><div class=\"wp-swiper__slide-content\">\n<div class=\"wp-block-cover is-light zoom wp-duotone-unset-4\" style=\"border-radius:9px\"><video class=\"wp-block-cover__video-background intrinsic-ignore\" autoplay muted loop playsinline src=\"https:\/\/gravida.com\/wp-content\/uploads\/2024\/06\/vitri-ovulos.mp4\" data-object-fit=\"cover\"><\/video><span aria-hidden=\"true\" class=\"wp-block-cover__background has-base-background-color has-background-dim\"><\/span><div class=\"wp-block-cover__inner-container is-layout-flow wp-block-cover-is-layout-flow\">\n<h4 class=\"wp-block-heading has-text-align-center card-link has-large-font-size\"><a href=\"https:\/\/gravida.com\/fr\/procreation-medicalement-assistee\/vitrification-des-ovocytes\/\"><strong>Vitrification des <\/strong>ovocytes<\/a><\/h4>\n\n\n\n<div class=\"wp-block-buttons is-content-justification-center is-layout-flex wp-container-core-buttons-is-layout-d08612c8 wp-block-buttons-is-layout-flex\" style=\"margin-top:50%\">\n<div class=\"wp-block-button\"><a class=\"wp-block-button__link has-text-align-center wp-element-button\">Voir le traitement<!--<\/div--><\/a><\/div>\n<\/div>\n<\/div><\/div>\n<\/div><\/div>\n\n\n\n<div data-tab=\"slide-3\" class=\"wp-swiper__slide swiper-slide\"><div class=\"wp-swiper__overlay-color\" style=\"background-color:rgba(0, 0, 0, 0)\"><\/div><div class=\"wp-swiper__slide-content\">\n<div class=\"wp-block-cover is-light zoom wp-duotone-unset-5\" style=\"border-radius:9px\"><video class=\"wp-block-cover__video-background intrinsic-ignore\" autoplay muted loop playsinline src=\"https:\/\/gravida.com\/wp-content\/uploads\/2024\/06\/DGP-compress.mp4\" data-object-fit=\"cover\"><\/video><span aria-hidden=\"true\" class=\"wp-block-cover__background has-base-background-color has-background-dim\"><\/span><div class=\"wp-block-cover__inner-container is-layout-flow wp-block-cover-is-layout-flow\">\n<h4 class=\"wp-block-heading has-text-align-center card-link has-large-font-size\"><a href=\"https:\/\/gravida.com\/fr\/procreation-medicalement-assistee\/diagnostic-genetique-preimplantatoire\/\"><strong>Diagnostic g\u00e9n\u00e9tique pr\u00e9implantatoire (DPI)<\/strong><\/a><\/h4>\n\n\n\n<div class=\"wp-block-buttons is-content-justification-center is-layout-flex wp-container-core-buttons-is-layout-d08612c8 wp-block-buttons-is-layout-flex\" style=\"margin-top:50%\">\n<div class=\"wp-block-button\"><a class=\"wp-block-button__link has-text-align-center wp-element-button\">Voir le traitement<!--<\/div--><\/a><\/div>\n<\/div>\n<\/div><\/div>\n<\/div><\/div>\n\n\n\n<div data-tab=\"slide-4\" class=\"wp-swiper__slide swiper-slide\"><div class=\"wp-swiper__overlay-color\" style=\"background-color:rgba(0, 0, 0, 0)\"><\/div><div class=\"wp-swiper__slide-content\">\n<div class=\"wp-block-cover is-light zoom wp-duotone-unset-6\" style=\"border-radius:9px\"><video class=\"wp-block-cover__video-background intrinsic-ignore\" autoplay muted loop playsinline src=\"https:\/\/gravida.com\/wp-content\/uploads\/2024\/06\/metodo-ropa-compress.mp4\" data-object-fit=\"cover\"><\/video><span aria-hidden=\"true\" class=\"wp-block-cover__background has-base-background-color has-background-dim\"><\/span><div class=\"wp-block-cover__inner-container is-layout-flow wp-block-cover-is-layout-flow\">\n<h4 class=\"wp-block-heading has-text-align-center card-link has-large-font-size\"><a href=\"https:\/\/gravida.com\/fr\/procreation-medicalement-assistee\/methode-ropa\/\"><strong>M\u00e9thode ROPA<\/strong><\/a><\/h4>\n\n\n\n<div class=\"wp-block-buttons is-content-justification-center is-layout-flex wp-container-core-buttons-is-layout-d08612c8 wp-block-buttons-is-layout-flex\" style=\"margin-top:50%\">\n<div class=\"wp-block-button\"><a class=\"wp-block-button__link has-text-align-center wp-element-button\">Voir le traitement<!--<\/div--><\/a><\/div>\n<\/div>\n<\/div><\/div>\n<\/div><\/div>\n<\/div><\/div><div class=\"wp_swiper__navigation\"><div class=\"wp_swiper__navigation-container\"><div class=\"swiper-button-prev \"><\/div><div class=\"swiper-button-next \"><\/div><\/div><\/div><div class=\"swiper-pagination\"><\/div><\/div><\/div>\n<\/div>\n\n\n\n<div style=\"height:15px;width:0px\" aria-hidden=\"true\" class=\"wp-block-spacer\"><\/div>\n<\/div>\n\n\n\n<h4 class=\"wp-block-heading alignwide has-x-large-font-size\">Derni\u00e8res entr\u00e9es sur la r\u00e9ception des ovocytes<\/h4>\n\n\n\n<div class=\"wp-block-query alignwide is-layout-flow wp-block-query-is-layout-flow\">\n\n\n<div class=\"wp-block-group is-layout-flow wp-block-group-is-layout-flow\" style=\"margin-top:0;margin-bottom:0;padding-top:var(--wp--preset--spacing--30);padding-right:0;padding-bottom:var(--wp--preset--spacing--30);padding-left:0\"><ul class=\"columns-3 alignfull entradas-blog wp-block-post-template is-layout-grid wp-container-core-post-template-is-layout-4764eb0f wp-block-post-template-is-layout-grid\"><li class=\"wp-block-post post-9061 post type-post status-publish format-standard has-post-thumbnail hentry category-infertilidad-femenina\">\n\n<div class=\"wp-block-cover is-light entradablogfondo\" style=\"border-radius:15px\"><span aria-hidden=\"true\" class=\"wp-block-cover__background has-base-background-color has-background-dim-40 has-background-dim\"><\/span><img loading=\"lazy\" decoding=\"async\" width=\"1920\" height=\"1080\" src=\"https:\/\/gravida.com\/wp-content\/uploads\/2023\/05\/dr-hernandez-haciendo-ecografia-vaginal.jpg\" class=\"wp-block-cover__image-background wp-post-image\" alt=\"\" data-object-fit=\"cover\" srcset=\"https:\/\/gravida.com\/wp-content\/uploads\/2023\/05\/dr-hernandez-haciendo-ecografia-vaginal.jpg 1920w, https:\/\/gravida.com\/wp-content\/uploads\/2023\/05\/dr-hernandez-haciendo-ecografia-vaginal-300x169.jpg 300w, https:\/\/gravida.com\/wp-content\/uploads\/2023\/05\/dr-hernandez-haciendo-ecografia-vaginal-1024x576.jpg 1024w, https:\/\/gravida.com\/wp-content\/uploads\/2023\/05\/dr-hernandez-haciendo-ecografia-vaginal-768x432.jpg 768w, https:\/\/gravida.com\/wp-content\/uploads\/2023\/05\/dr-hernandez-haciendo-ecografia-vaginal-1536x864.jpg 1536w, https:\/\/gravida.com\/wp-content\/uploads\/2023\/05\/dr-hernandez-haciendo-ecografia-vaginal-18x10.jpg 18w\" sizes=\"auto, (max-width: 1920px) 100vw, 1920px\" \/><div class=\"wp-block-cover__inner-container has-global-padding is-layout-constrained wp-block-cover-is-layout-constrained\"><h4 style=\"background-color:#fafafa99; border-radius:15px; padding-top:0;padding-bottom:0;padding-left:0;padding-right:0;margin-top:0;margin-bottom:0;margin-left:0;margin-right:0;\" class=\"has-link-color tituloblog wp-elements-d68907c1c4e40739d6b667b67391736e wp-block-post-title has-text-color has-accent-2-color has-background has-large-font-size\"><a href=\"https:\/\/gravida.com\/fr\/blog\/faible-reserve-ovarienne\/\" target=\"_self\" >Puis-je tomber enceinte m\u00eame avec une faible r\u00e9serve ovarienne?<\/a><\/h4><\/div><\/div>\n\n<\/li><li class=\"wp-block-post post-9632 post type-post status-publish format-standard has-post-thumbnail hentry category-infertilidad-masculina\">\n\n<div class=\"wp-block-cover is-light entradablogfondo\" style=\"border-radius:15px\"><span aria-hidden=\"true\" class=\"wp-block-cover__background has-base-background-color has-background-dim-40 has-background-dim\"><\/span><img loading=\"lazy\" decoding=\"async\" width=\"900\" height=\"600\" src=\"https:\/\/gravida.com\/wp-content\/uploads\/2021\/06\/father-holding-his-little-baby-child-son-PJUXVKM-scaled-e1624959451877.jpg\" class=\"wp-block-cover__image-background wp-post-image\" alt=\"\" data-object-fit=\"cover\" srcset=\"https:\/\/gravida.com\/wp-content\/uploads\/2021\/06\/father-holding-his-little-baby-child-son-PJUXVKM-scaled-e1624959451877.jpg 900w, https:\/\/gravida.com\/wp-content\/uploads\/2021\/06\/father-holding-his-little-baby-child-son-PJUXVKM-scaled-e1624959451877-300x200.jpg 300w, https:\/\/gravida.com\/wp-content\/uploads\/2021\/06\/father-holding-his-little-baby-child-son-PJUXVKM-scaled-e1624959451877-768x512.jpg 768w, https:\/\/gravida.com\/wp-content\/uploads\/2021\/06\/father-holding-his-little-baby-child-son-PJUXVKM-scaled-e1624959451877-18x12.jpg 18w\" sizes=\"auto, (max-width: 900px) 100vw, 900px\" \/><div class=\"wp-block-cover__inner-container has-global-padding is-layout-constrained wp-block-cover-is-layout-constrained\"><h4 style=\"background-color:#fafafa99; border-radius:15px; padding-top:0;padding-bottom:0;padding-left:0;padding-right:0;margin-top:0;margin-bottom:0;margin-left:0;margin-right:0;\" class=\"has-link-color tituloblog wp-elements-d68907c1c4e40739d6b667b67391736e wp-block-post-title has-text-color has-accent-2-color has-background has-large-font-size\"><a href=\"https:\/\/gravida.com\/fr\/blog\/papa-suite-a-une-vasectomie\/\" target=\"_self\" >Peut-on \u00eatre papa suite \u00e0 une vasectomie?<\/a><\/h4><\/div><\/div>\n\n<\/li><li class=\"wp-block-post post-9641 post type-post status-publish format-standard has-post-thumbnail hentry category-infertilidad-femenina\">\n\n<div class=\"wp-block-cover is-light entradablogfondo\" style=\"border-radius:15px\"><span aria-hidden=\"true\" class=\"wp-block-cover__background has-base-background-color has-background-dim-40 has-background-dim\"><\/span><img loading=\"lazy\" decoding=\"async\" width=\"1250\" height=\"832\" src=\"https:\/\/gravida.com\/wp-content\/uploads\/2021\/06\/pregnant-woman-in-field-PLKCEC6-scaled-e1624958490401.jpg\" class=\"wp-block-cover__image-background wp-post-image\" alt=\"\" data-object-fit=\"cover\" srcset=\"https:\/\/gravida.com\/wp-content\/uploads\/2021\/06\/pregnant-woman-in-field-PLKCEC6-scaled-e1624958490401.jpg 1250w, https:\/\/gravida.com\/wp-content\/uploads\/2021\/06\/pregnant-woman-in-field-PLKCEC6-scaled-e1624958490401-300x200.jpg 300w, https:\/\/gravida.com\/wp-content\/uploads\/2021\/06\/pregnant-woman-in-field-PLKCEC6-scaled-e1624958490401-1024x682.jpg 1024w, https:\/\/gravida.com\/wp-content\/uploads\/2021\/06\/pregnant-woman-in-field-PLKCEC6-scaled-e1624958490401-768x511.jpg 768w, https:\/\/gravida.com\/wp-content\/uploads\/2021\/06\/pregnant-woman-in-field-PLKCEC6-scaled-e1624958490401-18x12.jpg 18w\" sizes=\"auto, (max-width: 1250px) 100vw, 1250px\" \/><div class=\"wp-block-cover__inner-container has-global-padding is-layout-constrained wp-block-cover-is-layout-constrained\"><h4 style=\"background-color:#fafafa99; border-radius:15px; padding-top:0;padding-bottom:0;padding-left:0;padding-right:0;margin-top:0;margin-bottom:0;margin-left:0;margin-right:0;\" class=\"has-link-color tituloblog wp-elements-d68907c1c4e40739d6b667b67391736e wp-block-post-title has-text-color has-accent-2-color has-background has-large-font-size\"><a href=\"https:\/\/gravida.com\/fr\/blog\/maman-suite-a-une-ligature-des-trompes\/\" target=\"_self\" >Peut- on \u00eatre maman suite \u00e0 une ligature des trompes ?<\/a><\/h4><\/div><\/div>\n\n<\/li><\/ul><\/div>\n<\/div>\n","protected":false},"excerpt":{"rendered":"<p>Qu&rsquo;est-ce que la r\u00e9ception des ovocytes ? Dans un cycle de r\u00e9ception d&rsquo;ovocytes, les ovules d&rsquo;une donneuse sont f\u00e9cond\u00e9s en laboratoire avec le sperme du partenaire de la femme receveuse ou d&rsquo;une banque de sperme, et les embryons qui en r\u00e9sultent sont ensuite transf\u00e9r\u00e9s dans l&rsquo;ut\u00e9rus de la m\u00e8re. Actuellement, et principalement en raison des [&hellip;]<\/p>\n","protected":false},"author":2,"featured_media":26180,"parent":30952,"menu_order":0,"comment_status":"closed","ping_status":"closed","template":"page-no-title","meta":{"inline_featured_image":false,"footnotes":""},"class_list":["post-30996","page","type-page","status-publish","has-post-thumbnail","hentry"],"yoast_head":"<!-- This site is optimized with the Yoast SEO plugin v27.2 - https:\/\/yoast.com\/product\/yoast-seo-wordpress\/ -->\n<title>R\u00e9ception d&#039;ovocytes \u00e0 Barcelone | Traitement de fertilit\u00e9 \u00e0 Gravida<\/title>\n<meta name=\"description\" content=\"\u00c0 Gravida, clinique de fertilit\u00e9 \u00e0 Barcelone, nous proposons un traitement de pr\u00e9l\u00e8vement d&#039;ovules pour vous aider \u00e0 r\u00e9aliser votre r\u00eave de devenir m\u00e8re.\" \/>\n<meta name=\"robots\" content=\"index, follow, max-snippet:-1, max-image-preview:large, max-video-preview:-1\" \/>\n<link rel=\"canonical\" href=\"https:\/\/gravida.com\/fr\/procreation-medicalement-assistee\/reception-des-ovocytes\/\" \/>\n<meta property=\"og:locale\" content=\"fr_FR\" \/>\n<meta property=\"og:type\" content=\"article\" \/>\n<meta property=\"og:title\" content=\"R\u00e9ception d&#039;ovocytes \u00e0 Barcelone | Traitement de fertilit\u00e9 \u00e0 Gravida\" \/>\n<meta property=\"og:description\" content=\"\u00c0 Gravida, clinique de fertilit\u00e9 \u00e0 Barcelone, nous proposons un traitement de pr\u00e9l\u00e8vement d&#039;ovules pour vous aider \u00e0 r\u00e9aliser votre r\u00eave de devenir m\u00e8re.\" \/>\n<meta property=\"og:url\" content=\"https:\/\/gravida.com\/fr\/procreation-medicalement-assistee\/reception-des-ovocytes\/\" \/>\n<meta property=\"og:site_name\" content=\"Gravida\" \/>\n<meta property=\"article:modified_time\" content=\"2026-04-18T18:02:52+00:00\" \/>\n<meta property=\"og:image\" content=\"https:\/\/gravida.com\/wp-content\/uploads\/2024\/10\/ovulos-recorte.jpg\" \/>\n\t<meta property=\"og:image:width\" content=\"863\" \/>\n\t<meta property=\"og:image:height\" content=\"668\" \/>\n\t<meta property=\"og:image:type\" content=\"image\/jpeg\" \/>\n<meta name=\"twitter:card\" content=\"summary_large_image\" \/>\n<meta name=\"twitter:label1\" content=\"Dur\u00e9e de lecture estim\u00e9e\" \/>\n\t<meta name=\"twitter:data1\" content=\"10 minutes\" \/>\n<script type=\"application\/ld+json\" class=\"yoast-schema-graph\">{\"@context\":\"https:\/\/schema.org\",\"@graph\":[{\"@type\":\"WebPage\",\"@id\":\"https:\/\/gravida.com\/fr\/procreation-medicalement-assistee\/reception-des-ovocytes\/\",\"url\":\"https:\/\/gravida.com\/fr\/procreation-medicalement-assistee\/reception-des-ovocytes\/\",\"name\":\"R\u00e9ception d'ovocytes \u00e0 Barcelone | Traitement de fertilit\u00e9 \u00e0 Gravida\",\"isPartOf\":{\"@id\":\"https:\/\/gravida.com\/fr\/#website\"},\"primaryImageOfPage\":{\"@id\":\"https:\/\/gravida.com\/fr\/procreation-medicalement-assistee\/reception-des-ovocytes\/#primaryimage\"},\"image\":{\"@id\":\"https:\/\/gravida.com\/fr\/procreation-medicalement-assistee\/reception-des-ovocytes\/#primaryimage\"},\"thumbnailUrl\":\"https:\/\/gravida.com\/wp-content\/uploads\/2024\/10\/ovulos-recorte.jpg\",\"datePublished\":\"2024-10-10T17:02:44+00:00\",\"dateModified\":\"2026-04-18T18:02:52+00:00\",\"description\":\"\u00c0 Gravida, clinique de fertilit\u00e9 \u00e0 Barcelone, nous proposons un traitement de pr\u00e9l\u00e8vement d'ovules pour vous aider \u00e0 r\u00e9aliser votre r\u00eave de devenir m\u00e8re.\",\"breadcrumb\":{\"@id\":\"https:\/\/gravida.com\/fr\/procreation-medicalement-assistee\/reception-des-ovocytes\/#breadcrumb\"},\"inLanguage\":\"fr-FR\",\"potentialAction\":[{\"@type\":\"ReadAction\",\"target\":[\"https:\/\/gravida.com\/fr\/procreation-medicalement-assistee\/reception-des-ovocytes\/\"]}]},{\"@type\":\"ImageObject\",\"inLanguage\":\"fr-FR\",\"@id\":\"https:\/\/gravida.com\/fr\/procreation-medicalement-assistee\/reception-des-ovocytes\/#primaryimage\",\"url\":\"https:\/\/gravida.com\/wp-content\/uploads\/2024\/10\/ovulos-recorte.jpg\",\"contentUrl\":\"https:\/\/gravida.com\/wp-content\/uploads\/2024\/10\/ovulos-recorte.jpg\",\"width\":863,\"height\":668},{\"@type\":\"BreadcrumbList\",\"@id\":\"https:\/\/gravida.com\/fr\/procreation-medicalement-assistee\/reception-des-ovocytes\/#breadcrumb\",\"itemListElement\":[{\"@type\":\"ListItem\",\"position\":1,\"name\":\"Procr\u00e9ation m\u00e9dicalement assist\u00e9e\",\"item\":\"https:\/\/gravida.com\/fr\/procreation-medicalement-assistee\/\"},{\"@type\":\"ListItem\",\"position\":2,\"name\":\"R\u00e9ception des ovocytes\"}]},{\"@type\":\"WebSite\",\"@id\":\"https:\/\/gravida.com\/fr\/#website\",\"url\":\"https:\/\/gravida.com\/fr\/\",\"name\":\"Gravida\",\"description\":\"Ciencia al Servicio de la Vida\",\"publisher\":{\"@id\":\"https:\/\/gravida.com\/fr\/#organization\"},\"potentialAction\":[{\"@type\":\"SearchAction\",\"target\":{\"@type\":\"EntryPoint\",\"urlTemplate\":\"https:\/\/gravida.com\/fr\/?s={search_term_string}\"},\"query-input\":{\"@type\":\"PropertyValueSpecification\",\"valueRequired\":true,\"valueName\":\"search_term_string\"}}],\"inLanguage\":\"fr-FR\"},{\"@type\":\"Organization\",\"@id\":\"https:\/\/gravida.com\/fr\/#organization\",\"name\":\"Gravida\",\"url\":\"https:\/\/gravida.com\/fr\/\",\"logo\":{\"@type\":\"ImageObject\",\"inLanguage\":\"fr-FR\",\"@id\":\"https:\/\/gravida.com\/fr\/#\/schema\/logo\/image\/\",\"url\":\"https:\/\/gravida.com\/wp-content\/uploads\/2024\/06\/logoads.svg\",\"contentUrl\":\"https:\/\/gravida.com\/wp-content\/uploads\/2024\/06\/logoads.svg\",\"width\":\"1024\",\"height\":\"1024\",\"caption\":\"Gravida\"},\"image\":{\"@id\":\"https:\/\/gravida.com\/fr\/#\/schema\/logo\/image\/\"}}]}<\/script>\n<!-- \/ Yoast SEO plugin. -->","yoast_head_json":{"title":"R\u00e9ception d'ovocytes \u00e0 Barcelone | Traitement de fertilit\u00e9 \u00e0 Gravida","description":"\u00c0 Gravida, clinique de fertilit\u00e9 \u00e0 Barcelone, nous proposons un traitement de pr\u00e9l\u00e8vement d'ovules pour vous aider \u00e0 r\u00e9aliser votre r\u00eave de devenir m\u00e8re.","robots":{"index":"index","follow":"follow","max-snippet":"max-snippet:-1","max-image-preview":"max-image-preview:large","max-video-preview":"max-video-preview:-1"},"canonical":"https:\/\/gravida.com\/fr\/procreation-medicalement-assistee\/reception-des-ovocytes\/","og_locale":"fr_FR","og_type":"article","og_title":"R\u00e9ception d'ovocytes \u00e0 Barcelone | Traitement de fertilit\u00e9 \u00e0 Gravida","og_description":"\u00c0 Gravida, clinique de fertilit\u00e9 \u00e0 Barcelone, nous proposons un traitement de pr\u00e9l\u00e8vement d'ovules pour vous aider \u00e0 r\u00e9aliser votre r\u00eave de devenir m\u00e8re.","og_url":"https:\/\/gravida.com\/fr\/procreation-medicalement-assistee\/reception-des-ovocytes\/","og_site_name":"Gravida","article_modified_time":"2026-04-18T18:02:52+00:00","og_image":[{"width":863,"height":668,"url":"https:\/\/gravida.com\/wp-content\/uploads\/2024\/10\/ovulos-recorte.jpg","type":"image\/jpeg"}],"twitter_card":"summary_large_image","twitter_misc":{"Dur\u00e9e de lecture estim\u00e9e":"10 minutes"},"schema":{"@context":"https:\/\/schema.org","@graph":[{"@type":"WebPage","@id":"https:\/\/gravida.com\/fr\/procreation-medicalement-assistee\/reception-des-ovocytes\/","url":"https:\/\/gravida.com\/fr\/procreation-medicalement-assistee\/reception-des-ovocytes\/","name":"R\u00e9ception d'ovocytes \u00e0 Barcelone | Traitement de fertilit\u00e9 \u00e0 Gravida","isPartOf":{"@id":"https:\/\/gravida.com\/fr\/#website"},"primaryImageOfPage":{"@id":"https:\/\/gravida.com\/fr\/procreation-medicalement-assistee\/reception-des-ovocytes\/#primaryimage"},"image":{"@id":"https:\/\/gravida.com\/fr\/procreation-medicalement-assistee\/reception-des-ovocytes\/#primaryimage"},"thumbnailUrl":"https:\/\/gravida.com\/wp-content\/uploads\/2024\/10\/ovulos-recorte.jpg","datePublished":"2024-10-10T17:02:44+00:00","dateModified":"2026-04-18T18:02:52+00:00","description":"\u00c0 Gravida, clinique de fertilit\u00e9 \u00e0 Barcelone, nous proposons un traitement de pr\u00e9l\u00e8vement d'ovules pour vous aider \u00e0 r\u00e9aliser votre r\u00eave de devenir m\u00e8re.","breadcrumb":{"@id":"https:\/\/gravida.com\/fr\/procreation-medicalement-assistee\/reception-des-ovocytes\/#breadcrumb"},"inLanguage":"fr-FR","potentialAction":[{"@type":"ReadAction","target":["https:\/\/gravida.com\/fr\/procreation-medicalement-assistee\/reception-des-ovocytes\/"]}]},{"@type":"ImageObject","inLanguage":"fr-FR","@id":"https:\/\/gravida.com\/fr\/procreation-medicalement-assistee\/reception-des-ovocytes\/#primaryimage","url":"https:\/\/gravida.com\/wp-content\/uploads\/2024\/10\/ovulos-recorte.jpg","contentUrl":"https:\/\/gravida.com\/wp-content\/uploads\/2024\/10\/ovulos-recorte.jpg","width":863,"height":668},{"@type":"BreadcrumbList","@id":"https:\/\/gravida.com\/fr\/procreation-medicalement-assistee\/reception-des-ovocytes\/#breadcrumb","itemListElement":[{"@type":"ListItem","position":1,"name":"Procr\u00e9ation m\u00e9dicalement assist\u00e9e","item":"https:\/\/gravida.com\/fr\/procreation-medicalement-assistee\/"},{"@type":"ListItem","position":2,"name":"R\u00e9ception des ovocytes"}]},{"@type":"WebSite","@id":"https:\/\/gravida.com\/fr\/#website","url":"https:\/\/gravida.com\/fr\/","name":"Gravida","description":"Ciencia al Servicio de la Vida","publisher":{"@id":"https:\/\/gravida.com\/fr\/#organization"},"potentialAction":[{"@type":"SearchAction","target":{"@type":"EntryPoint","urlTemplate":"https:\/\/gravida.com\/fr\/?s={search_term_string}"},"query-input":{"@type":"PropertyValueSpecification","valueRequired":true,"valueName":"search_term_string"}}],"inLanguage":"fr-FR"},{"@type":"Organization","@id":"https:\/\/gravida.com\/fr\/#organization","name":"Gravida","url":"https:\/\/gravida.com\/fr\/","logo":{"@type":"ImageObject","inLanguage":"fr-FR","@id":"https:\/\/gravida.com\/fr\/#\/schema\/logo\/image\/","url":"https:\/\/gravida.com\/wp-content\/uploads\/2024\/06\/logoads.svg","contentUrl":"https:\/\/gravida.com\/wp-content\/uploads\/2024\/06\/logoads.svg","width":"1024","height":"1024","caption":"Gravida"},"image":{"@id":"https:\/\/gravida.com\/fr\/#\/schema\/logo\/image\/"}}]}},"_links":{"self":[{"href":"https:\/\/gravida.com\/fr\/wp-json\/wp\/v2\/pages\/30996","targetHints":{"allow":["GET"]}}],"collection":[{"href":"https:\/\/gravida.com\/fr\/wp-json\/wp\/v2\/pages"}],"about":[{"href":"https:\/\/gravida.com\/fr\/wp-json\/wp\/v2\/types\/page"}],"author":[{"embeddable":true,"href":"https:\/\/gravida.com\/fr\/wp-json\/wp\/v2\/users\/2"}],"replies":[{"embeddable":true,"href":"https:\/\/gravida.com\/fr\/wp-json\/wp\/v2\/comments?post=30996"}],"version-history":[{"count":0,"href":"https:\/\/gravida.com\/fr\/wp-json\/wp\/v2\/pages\/30996\/revisions"}],"up":[{"embeddable":true,"href":"https:\/\/gravida.com\/fr\/wp-json\/wp\/v2\/pages\/30952"}],"wp:featuredmedia":[{"embeddable":true,"href":"https:\/\/gravida.com\/fr\/wp-json\/wp\/v2\/media\/26180"}],"wp:attachment":[{"href":"https:\/\/gravida.com\/fr\/wp-json\/wp\/v2\/media?parent=30996"}],"curies":[{"name":"wp","href":"https:\/\/api.w.org\/{rel}","templated":true}]}}